{"id":2317,"date":"2019-04-13T10:36:24","date_gmt":"2019-04-13T08:36:24","guid":{"rendered":"https:\/\/camping-lesbergesdudoux.com\/?page_id=2317"},"modified":"2025-11-13T09:10:31","modified_gmt":"2025-11-13T08:10:31","slug":"tarifs-emplacement","status":"publish","type":"page","link":"https:\/\/www.camping-lesbergesdudoux.com\/?page_id=2317","title":{"rendered":"Tarifs emplacement camping en Ard\u00e8che Verte &#8211; Nord Ard\u00e8che"},"content":{"rendered":"<div class=\"wpb-content-wrapper\">[vc_row][vc_column][vc_column_text css=\u00a0\u00bb\u00a0\u00bb]\n        <h1 class=\"lined-heading mt50\">\n            <span>\n            Tarifs des emplacements camping &#8211; 2026\n            <\/span>\n        <\/h1>\n        [vc_column_text][\/vc_column_text][vc_row_inner][vc_column_inner width=\u00a0\u00bb1\/4&Prime;]\n    <div class=\"usp\">\n        <div class=\"box-icon\">\n                <div class=\"circle\"><i class=\"fa fa fa-adjust fa-lg\"><\/i><\/div>\n                <h3>Heure arriv\u00e9e<\/h3>\n                <p>12h-13h et 15h-19h<\/p>\n        <\/div>\n    <\/div>\n    [\/vc_column_inner][vc_column_inner width=\u00a0\u00bb1\/4&Prime;]\n    <div class=\"usp\">\n        <div class=\"box-icon\">\n                <div class=\"circle\"><i class=\"fa fa fa-clock-o fa-lg\"><\/i><\/div>\n                <h3>Heure de d\u00e9part<\/h3>\n                <p>D\u00e9part avant 12h<\/p>\n        <\/div>\n    <\/div>\n    [\/vc_column_inner][vc_column_inner width=\u00a0\u00bb1\/4&Prime;]\n    <div class=\"usp\">\n        <div class=\"box-icon\">\n                <div class=\"circle\"><i class=\"fa fa fa-adjust fa-lg\"><\/i><\/div>\n                <h3>Frais de dossier<\/h3>\n                <p>0 \u20ac\u00a0 en ligne<\/p>\n        <\/div>\n    <\/div>\n    [\/vc_column_inner][vc_column_inner width=\u00a0\u00bb1\/4&Prime;]\n    <div class=\"usp\">\n        <div class=\"box-icon\">\n                <div class=\"circle\"><i class=\"fa fa fa-money fa-lg\"><\/i><\/div>\n                <h3>Modes de paiement accept\u00e9s<\/h3>\n                <p>Esp\u00e8ces, ch\u00e8que, Carte Bancaire, Virement<\/p>\n        <\/div>\n    <\/div>\n    [\/vc_column_inner][\/vc_row_inner][vc_empty_space][vc_row_inner][vc_column_inner css=\u00a0\u00bb.vc_custom_1714309218493{background-color: #3a3f1c !important;}\u00a0\u00bb][vc_column_text css=\u00a0\u00bb\u00a0\u00bb]\n<h4 style=\"text-align: center;\"><span style=\"color: #000000;\"><strong>Basse saison<\/strong>: 10 avril- 03 juillet et 22 ao\u00fbt -19 septembre<\/span><\/h4>\n<h4 style=\"text-align: center;\"><span style=\"color: #000000;\"><strong>Haute saison<\/strong>: 4 juillet -17 juillet\u00a0 <\/span><\/h4>\n<h4 style=\"text-align: center;\"><span style=\"color: #000000;\">\u00a0<strong>Tr\u00e8s Haute saison<\/strong>: 18 juillet -21 ao\u00fbt<\/span><\/h4>\n[\/vc_column_text][\/vc_column_inner][\/vc_row_inner][\/vc_column][\/vc_row][vc_row full_width=\u00a0\u00bbstretch_row\u00a0\u00bb css=\u00a0\u00bb.vc_custom_1714309321460{background-color: #ac5a33 !important;}\u00a0\u00bb][vc_column][vc_column_text css=\u00a0\u00bb\u00a0\u00bb]\n<h2 style=\"text-align: center;\"><\/h2>\n<h2 style=\"text-align: center;\"><span style=\"color: #000000;\"><strong>Forfait 2 pers avec tente, caravane ou camping-car<\/strong><\/span><\/h2>\n<p style=\"text-align: center;\">\t\t<script type=\"text\/javascript\">\n\t\t jQuery(document).ready(function($) {    \n\t\t   \n\t\t  $('.ptp-plan').matchHeight(false); \n\t\t  $('.ptp-cta').matchHeight(false); \n\t\t  $('.ptp-price').matchHeight(false);\n\t\t  $('.ptp-button').matchHeight(false);\n\t\t  \n\t\t  $('.ptp-bullet-item').each(function( index ){\n\t\t\t  $('.ptp-row-id-'+index).matchHeight(false);\n\t\t\t \n\t\t\t});\n\t\t  \n\t\t   \n\t\t  \n\t\t });\n\t  <\/script>\n\t  \n\t\t<style type=\"text\/css\"> #ptp-3515 div.ptp-item-container{border-radius:0;padding:0;margin-left:0;margin-right:0}#ptp-3515 div.ptp-item-container div{margin:0}#ptp-3515 div.ptp-plan{border-top-right-radius:0;border-top-left-radius:0;font-size:1em;padding:.9375em 1.25em}#ptp-3515 div.ptp-price{font-size:1.25em;padding:.9375em 1.25em}#ptp-3515 div.ptp-cta{border-bottom-right-radius:0;border-bottom-left-radius:0;padding-top:1.25em;padding-bottom:1.25em}#ptp-3515 a.ptp-button{border-radius:0;font-size:1em;color:#fff;background-color:#3a3f1c;border-bottom:#3a3f1c 4px solid;margin:0}#ptp-3515 a.ptp-button:hover{background-color:#3a3f1c}div#ptp-3515 .ptp-highlight a.ptp-button{color:#fff;background-color:#e74c3c;border-bottom:#c0392b 4px solid}div#ptp-3515 .ptp-highlight a.ptp-button:hover{background-color:#c0392b}#ptp-3515 div.ptp-bullet-item{font-size:.875em;padding:.9375em .5em .9375em .5em}#ptp-3515 div.ptp-most-popular{border-radius:0;font-size:.9em}<\/style><div id=\"ptp-3515\" class=\"ptp-pricing-table\" >\n\t\t<div class=\"ptp-col ptp-three-col  ptp-col-id-0\"><div class=\"ptp-not-most-popular\">&nbsp;<\/div><div class=\"ptp-item-container\"><div class=\"ptp-plan\">Basse saison<\/div> <div class=\"ptp-price\">19\u20ac\/jours<\/div><div class=\"ptp-bullet-item ptp-row-id-0\">Forfait 2 pers hors \u00e9lectricit\u00e9<\/div><div class=\"ptp-bullet-item ptp-row-id-1\">Electricit\u00e9: 5\u20ac\/jrs<\/div><div class=\"ptp-bullet-item ptp-row-id-2\">-2ans:gratuit<\/div><div class=\"ptp-bullet-item ptp-row-id-3\">pers sup -7ans: 4\u20ac\/jrs<\/div><div class=\"ptp-bullet-item ptp-row-id-4\">pers sup +7ans:5\u20ac\/jrs<\/div><div class=\"ptp-bullet-item ptp-row-id-5\">tente sup: 4\u20ac\/jrs<\/div><div class=\"ptp-bullet-item ptp-row-id-6\">location frigo: 5\u20ac\/jrs<\/div><div class=\"ptp-bullet-item ptp-row-id-7\">Animaux: 2\u20ac\/jrs<\/div><div class=\"ptp-bullet-item ptp-row-id-8 tt-ptp-empty-row\">&nbsp;<\/div><div class=\"ptp-cta\"><a class=\"ptp-button\" id=\"ptp-3515-cta-0\" href=\"https:\/\/reservation.secureholiday.net\/fr\/3484\/search\/product-view\/18845\">R\u00e9server<\/a><\/div><\/div><\/div>\n\t\t<div class=\"ptp-col ptp-three-col  ptp-col-id-1\"><div class=\"ptp-not-most-popular\">&nbsp;<\/div><div class=\"ptp-item-container\"><div class=\"ptp-plan\">Saison haute<\/div> <div class=\"ptp-price\">24\u20ac\/jours<\/div><div class=\"ptp-bullet-item ptp-row-id-0\">Forfait 2 pers hors \u00e9lectricit\u00e9<\/div><div class=\"ptp-bullet-item ptp-row-id-1\">Electricit\u00e9: 5\u20ac\/jrs<\/div><div class=\"ptp-bullet-item ptp-row-id-2\">-2ans:gratuit<\/div><div class=\"ptp-bullet-item ptp-row-id-3\">pers sup -7ans: 4\u20ac\/jrs<\/div><div class=\"ptp-bullet-item ptp-row-id-4\">pers sup +7ans:5\u20ac\/jrs<\/div><div class=\"ptp-bullet-item ptp-row-id-5\">tente sup: 4\u20ac\/jrs<\/div><div class=\"ptp-bullet-item ptp-row-id-6\">location frigo: 5\u20ac\/jrs<\/div><div class=\"ptp-bullet-item ptp-row-id-7\">Animaux: 2\u20ac\/jrs<\/div><div class=\"ptp-bullet-item ptp-row-id-8 tt-ptp-empty-row\">&nbsp;<\/div><div class=\"ptp-cta\"><a class=\"ptp-button\" id=\"ptp-3515-cta-1\" href=\"https:\/\/reservation.secureholiday.net\/fr\/3484\/search\/product-view\/18845\">R\u00e9server<\/a><\/div><\/div><\/div>\n\t\t<div class=\"ptp-col ptp-three-col  ptp-col-id-2\"><div class=\"ptp-not-most-popular\">&nbsp;<\/div><div class=\"ptp-item-container\"><div class=\"ptp-plan\">Tr\u00e8s haute saison<\/div> <div class=\"ptp-price\">25\u20ac\/jours<\/div><div class=\"ptp-bullet-item ptp-row-id-0\">Forfait 2 pers hors \u00e9lectricit\u00e9<\/div><div class=\"ptp-bullet-item ptp-row-id-1\">Electricit\u00e9: 5\u20ac\/jrs<\/div><div class=\"ptp-bullet-item ptp-row-id-2\">-2ans:gratuit<\/div><div class=\"ptp-bullet-item ptp-row-id-3\">pers sup -7ans: 4\u20ac\/jrs<\/div><div class=\"ptp-bullet-item ptp-row-id-4\">pers sup +7ans:5\u20ac\/jrs<\/div><div class=\"ptp-bullet-item ptp-row-id-5\">tente sup: 4\u20ac\/jrs<\/div><div class=\"ptp-bullet-item ptp-row-id-6\">location frigo: 5\u20ac\/jrs<\/div><div class=\"ptp-bullet-item ptp-row-id-7\">Animaux: 2\u20ac\/jrs<\/div><div class=\"ptp-bullet-item ptp-row-id-8 tt-ptp-empty-row\">&nbsp;<\/div><div class=\"ptp-cta\"><a class=\"ptp-button\" id=\"ptp-3515-cta-2\" href=\"https:\/\/reservation.secureholiday.net\/fr\/3484\/search\/product-view\/18845\">R\u00e9server<\/a><\/div><\/div><\/div><\/div>\n<p>&nbsp;<\/p>\n<h2 style=\"text-align: center;\"><span style=\"color: #000000;\"><strong>Emplacement nu confort tente, forfait pour 2 pers avec une tente<\/strong><\/span><\/h2>\n<p style=\"text-align: center;\">\t\t<script type=\"text\/javascript\">\n\t\t jQuery(document).ready(function($) {    \n\t\t   \n\t\t  $('.ptp-plan').matchHeight(false); \n\t\t  $('.ptp-cta').matchHeight(false); \n\t\t  $('.ptp-price').matchHeight(false);\n\t\t  $('.ptp-button').matchHeight(false);\n\t\t  \n\t\t  $('.ptp-bullet-item').each(function( index ){\n\t\t\t  $('.ptp-row-id-'+index).matchHeight(false);\n\t\t\t \n\t\t\t});\n\t\t  \n\t\t   \n\t\t  \n\t\t });\n\t  <\/script>\n\t  \n\t\t<style type=\"text\/css\"> #ptp-4048 div.ptp-item-container{border-radius:0;padding:0;margin-left:0;margin-right:0}#ptp-4048 div.ptp-item-container div{margin:0}#ptp-4048 div.ptp-plan{border-top-right-radius:0;border-top-left-radius:0;font-size:1em;padding:.9375em 1.25em}#ptp-4048 div.ptp-price{font-size:1.25em;padding:.9375em 1.25em}#ptp-4048 div.ptp-cta{border-bottom-right-radius:0;border-bottom-left-radius:0;padding-top:1.25em;padding-bottom:1.25em}#ptp-4048 a.ptp-button{border-radius:0;font-size:1em;color:#fff;background-color:#3a3f1c;border-bottom:#3a3f1c 4px solid;margin:0}#ptp-4048 a.ptp-button:hover{background-color:#3a3f1c}div#ptp-4048 .ptp-highlight a.ptp-button{color:#fff;background-color:#e74c3c;border-bottom:#c0392b 4px solid}div#ptp-4048 .ptp-highlight a.ptp-button:hover{background-color:#c0392b}#ptp-4048 div.ptp-bullet-item{font-size:.875em;padding:.9375em .5em .9375em .5em}#ptp-4048 div.ptp-most-popular{border-radius:0;font-size:.9em}<\/style><div id=\"ptp-4048\" class=\"ptp-pricing-table\" >\n\t\t<div class=\"ptp-col ptp-three-col  ptp-col-id-0\"><div class=\"ptp-not-most-popular\">&nbsp;<\/div><div class=\"ptp-item-container\"><div class=\"ptp-plan\">Basse saison<\/div> <div class=\"ptp-price\">21\u20ac\/jours<\/div><div class=\"ptp-bullet-item ptp-row-id-0\">Forfait 2 pers hors \u00e9lectricit\u00e9<\/div><div class=\"ptp-bullet-item ptp-row-id-1\">Electricit\u00e9: 5\u20ac\/jrs<\/div><div class=\"ptp-bullet-item ptp-row-id-2\">-2ans:gratuit<\/div><div class=\"ptp-bullet-item ptp-row-id-3\">pers sup -7ans: 4\u20ac\/jrs<\/div><div class=\"ptp-bullet-item ptp-row-id-4\">pers sup +7ans:5\u20ac\/jrs<\/div><div class=\"ptp-bullet-item ptp-row-id-5\">tente sup: 4\u20ac\/jrs<\/div><div class=\"ptp-bullet-item ptp-row-id-6\">location frigo: 5\u20ac\/jrs<\/div><div class=\"ptp-bullet-item ptp-row-id-7\">Animaux: 2\u20ac\/jrs<\/div><div class=\"ptp-bullet-item ptp-row-id-8 tt-ptp-empty-row\">&nbsp;<\/div><div class=\"ptp-cta\"><a class=\"ptp-button\" id=\"ptp-4048-cta-0\" href=\"https:\/\/reservation.secureholiday.net\/fr\/3484\/search\/product-view\/138366\">R\u00e9server<\/a><\/div><\/div><\/div>\n\t\t<div class=\"ptp-col ptp-three-col  ptp-col-id-1\"><div class=\"ptp-not-most-popular\">&nbsp;<\/div><div class=\"ptp-item-container\"><div class=\"ptp-plan\">Haute saison<\/div> <div class=\"ptp-price\">26\u20ac\/jours<\/div><div class=\"ptp-bullet-item ptp-row-id-0\">Forfait 2 pers hors \u00e9lectricit\u00e9<\/div><div class=\"ptp-bullet-item ptp-row-id-1\">Electricit\u00e9: 5\u20ac\/jrs<\/div><div class=\"ptp-bullet-item ptp-row-id-2\">-2ans:gratuit<\/div><div class=\"ptp-bullet-item ptp-row-id-3\">pers sup -7ans: 4\u20ac\/jrs<\/div><div class=\"ptp-bullet-item ptp-row-id-4\">pers sup +7ans:5\u20ac\/jrs<\/div><div class=\"ptp-bullet-item ptp-row-id-5\">tente sup: 4\u20ac\/jrs<\/div><div class=\"ptp-bullet-item ptp-row-id-6\">location frigo: 5\u20ac\/jrs<\/div><div class=\"ptp-bullet-item ptp-row-id-7\">Animaux: 2\u20ac\/jrs<\/div><div class=\"ptp-bullet-item ptp-row-id-8 tt-ptp-empty-row\">&nbsp;<\/div><div class=\"ptp-cta\"><a class=\"ptp-button\" id=\"ptp-4048-cta-1\" href=\"https:\/\/reservation.secureholiday.net\/fr\/3484\/search\/product-view\/138366\">R\u00e9server<\/a><\/div><\/div><\/div>\n\t\t<div class=\"ptp-col ptp-three-col  ptp-col-id-2\"><div class=\"ptp-not-most-popular\">&nbsp;<\/div><div class=\"ptp-item-container\"><div class=\"ptp-plan\">Tr\u00e8s haute saison<\/div> <div class=\"ptp-price\">27\u20ac\/jours<\/div><div class=\"ptp-bullet-item ptp-row-id-0\">Forfait 2 pers hors \u00e9lectricit\u00e9<\/div><div class=\"ptp-bullet-item ptp-row-id-1\">Electricit\u00e9: 5\u20ac\/jrs<\/div><div class=\"ptp-bullet-item ptp-row-id-2\">-2ans:gratuit<\/div><div class=\"ptp-bullet-item ptp-row-id-3\">pers sup -7ans: 4\u20ac\/jrs<\/div><div class=\"ptp-bullet-item ptp-row-id-4\">pers sup +7ans:5\u20ac\/jrs<\/div><div class=\"ptp-bullet-item ptp-row-id-5\">tente sup: 4\u20ac\/jrs<\/div><div class=\"ptp-bullet-item ptp-row-id-6\">location frigo: 5\u20ac\/jrs<\/div><div class=\"ptp-bullet-item ptp-row-id-7\">Animaux: 2\u20ac\/jrs<\/div><div class=\"ptp-bullet-item ptp-row-id-8 tt-ptp-empty-row\">&nbsp;<\/div><div class=\"ptp-cta\"><a class=\"ptp-button\" id=\"ptp-4048-cta-2\" href=\"https:\/\/reservation.secureholiday.net\/fr\/3484\/search\/product-view\/138366\">R\u00e9server<\/a><\/div><\/div><\/div><\/div>\n[\/vc_column_text][vc_column_text css=\u00a0\u00bb\u00a0\u00bb]<em>(2) <span class=\"mini\">taxe de s\u00e9jour non comprise; tarif 2026:0,50\u20ac\/jour\/pers<\/span><\/em><\/p>\n<p><em>pas de frais de dossier pour les r\u00e9servations en ligne<\/em><\/p>\n<p><em>Piscine chauff\u00e9e pour la moyenne saison<\/em>[\/vc_column_text][vc_empty_space][\/vc_column][\/vc_row][vc_row][vc_column width=\u00a0\u00bb2\/3&Prime;][vc_icon icon_fontawesome=\u00a0\u00bbfa fa-info\u00a0\u00bb color=\u00a0\u00bbwhite\u00a0\u00bb background_style=\u00a0\u00bbrounded\u00a0\u00bb background_color=\u00a0\u00bbcustom\u00a0\u00bb align=\u00a0\u00bbcenter\u00a0\u00bb custom_background_color=\u00a0\u00bb#75c5cf\u00a0\u00bb][vc_tta_accordion style=\u00a0\u00bbmodern\u00a0\u00bb active_section=\u00a0\u00bb1&Prime;][vc_tta_section title=\u00a0\u00bbInformations\u00a0\u00bb tab_id=\u00a0\u00bb1554972096938-8ef515d4-536b\u00a0\u00bb][vc_column_text css=\u00a0\u00bb\u00a0\u00bb]\n<h4 style=\"text-align: left;\">Tarifs emplacement camping en Nord Ard\u00e8che<\/h4>\n<p style=\"text-align: left;\">Les prix s&rsquo;entendent TTC (TVA 10%) &#8211; Le camping se r\u00e9serve le droit de modifier les tarifs si un changement de TVA intervenait<\/p>\n<p>&nbsp;<\/p>\n<ul>\n<li>Semaine de l&rsquo;Ard\u00e9choise: Emplacement nu: 22\u20ac\/jours (hors \u00e9lectricit\u00e9) et emplacement nu confort: 26\u20ac\/jours (hors \u00e9lectricit\u00e9)<\/li>\n<li style=\"text-align: left;\"><span class=\"grasrouge\">Arrhes \u00e0 la r\u00e9servation : 30% du montant total du s\u00e9jour,\u00a0<\/span><span class=\"grasrouge\">50% du montant total du s\u00e9jour si r\u00e9servation \u00e0 moins de 15 jours de l&rsquo;arriv\u00e9e<\/span><\/li>\n<li style=\"text-align: left;\"><strong><span class=\"grasrouge\">AUCUN FRAIS DE RESERVATION<\/span><\/strong><\/li>\n<li style=\"text-align: left;\"><span class=\"clignotement\">Arriv\u00e9e 12h-13h et 15h-19h et le d\u00e9part est fix\u00e9 \u00e0 12h.<em><br \/>\n<\/em><\/span><\/li>\n<li style=\"text-align: left;\">Les animaux peuvent \u00eatre accept\u00e9s sous r\u00e9serve. Merci de nous contacter \u00e0 ce sujet.<\/li>\n<\/ul>\n[\/vc_column_text][\/vc_tta_section][\/vc_tta_accordion][\/vc_column][vc_column width=\u00a0\u00bb1\/3&Prime;][vc_icon icon_fontawesome=\u00a0\u00bbfa fa-paw\u00a0\u00bb color=\u00a0\u00bbwhite\u00a0\u00bb background_style=\u00a0\u00bbrounded\u00a0\u00bb background_color=\u00a0\u00bbcustom\u00a0\u00bb align=\u00a0\u00bbcenter\u00a0\u00bb custom_background_color=\u00a0\u00bb#75c5cf\u00a0\u00bb][vc_tta_accordion style=\u00a0\u00bbmodern\u00a0\u00bb active_section=\u00a0\u00bb1&Prime;][vc_tta_section title=\u00a0\u00bbA savoir\u00a0\u00bb tab_id=\u00a0\u00bb1554973502627-d642ba52-1c89&Prime;][vc_column_text]\n<p style=\"text-align: center;\"><img decoding=\"async\" class=\"wp-image-1365 aligncenter lazyload\" data-src=\"https:\/\/i0.wp.com\/camping-lesbergesdudoux.com\/wp-content\/uploads\/2017\/10\/chienautorise.jpg?resize=73%2C48\" alt=\"chien autoris\u00e9\" width=\"73\" height=\"48\" data-attachment-id=\"1365\" data-permalink=\"http:\/\/camping-lesbergesdudoux.com\/room\/bengali-4-pers\/chienautorise\/\" data-orig-file=\"https:\/\/i0.wp.com\/camping-lesbergesdudoux.com\/wp-content\/uploads\/2017\/10\/chienautorise.jpg?fit=160%2C106\" data-orig-size=\"160,106\" data-comments-opened=\"1\" data-image-meta=\"{&quot;aperture&quot;:&quot;0&quot;,&quot;credit&quot;:&quot;&quot;,&quot;camera&quot;:&quot;&quot;,&quot;caption&quot;:&quot;&quot;,&quot;created_timestamp&quot;:&quot;0&quot;,&quot;copyright&quot;:&quot;&quot;,&quot;focal_length&quot;:&quot;0&quot;,&quot;iso&quot;:&quot;0&quot;,&quot;shutter_speed&quot;:&quot;0&quot;,&quot;title&quot;:&quot;&quot;,&quot;orientation&quot;:&quot;0&quot;}\" data-image-title=\"chien autorise\" data-image-description=\"&lt;p&gt;chien autoris\u00e9&lt;\/p&gt; \" data-medium-file=\"https:\/\/i0.wp.com\/camping-lesbergesdudoux.com\/wp-content\/uploads\/2017\/10\/chienautorise.jpg?fit=160%2C106\" data-large-file=\"https:\/\/i0.wp.com\/camping-lesbergesdudoux.com\/wp-content\/uploads\/2017\/10\/chienautorise.jpg?fit=160%2C106\" src=\"data:image\/svg+xml;base64,PHN2ZyB3aWR0aD0iMSIgaGVpZ2h0PSIxIiB4bWxucz0iaHR0cDovL3d3dy53My5vcmcvMjAwMC9zdmciPjwvc3ZnPg==\" style=\"--smush-placeholder-width: 73px; --smush-placeholder-aspect-ratio: 73\/48;\" \/><\/p>\n<p style=\"text-align: center;\"><strong>2\u20ac\/jour<\/strong><\/p>\n<p style=\"text-align: center;\">Tenu en laisse obligatoirement et carnet de vaccination (1\u00e8re et 2\u00e8me cat\u00e9gorie interdites)<\/p>\n<p style=\"text-align: center;\">Nous contacter pour la\u00a0 haute saison<\/p>\n[\/vc_column_text][\/vc_tta_section][\/vc_tta_accordion][\/vc_column][\/vc_row][vc_row][vc_column][vc_empty_space][\/vc_column][\/vc_row]\n<\/div>","protected":false},"excerpt":{"rendered":"<p>[vc_row][vc_column][vc_column_text css=\u00a0\u00bb\u00a0\u00bb][vc_column_text][\/vc_column_text][vc_row_inner][vc_column_inner width=\u00a0\u00bb1\/4&Prime;][\/vc_column_inner][vc_column_inner width=\u00a0\u00bb1\/4&Prime;][\/vc_column_inner][vc_column_inner width=\u00a0\u00bb1\/4&Prime;][\/vc_column_inner][vc_column_inner width=\u00a0\u00bb1\/4&Prime;][\/vc_column_inner][\/vc_row_inner][vc_empty_space][vc_row_inner][vc_column_inner css=\u00a0\u00bb.vc_custom_1714309218493{background-color: #3a3f1c !important;}\u00a0\u00bb][vc_column_text css=\u00a0\u00bb\u00a0\u00bb] Basse saison: 10 avril- 03 juillet et 22 ao\u00fbt -19 septembre Haute saison: 4 juillet -17 juillet\u00a0 \u00a0Tr\u00e8s Haute saison: 18 juillet -21 ao\u00fbt [\/vc_column_text][\/vc_column_inner][\/vc_row_inner][\/vc_column][\/vc_row][vc_row full_width=\u00a0\u00bbstretch_row\u00a0\u00bb css=\u00a0\u00bb.vc_custom_1714309321460{background-color: #ac5a33 !important;}\u00a0\u00bb][vc_column][vc_column_text css=\u00a0\u00bb\u00a0\u00bb] Forfait 2 pers avec tente, caravane ou camping-car &nbsp; Emplacement nu confort tente, forfait pour [&hellip;]<\/p>\n","protected":false},"author":1,"featured_media":0,"parent":0,"menu_order":0,"comment_status":"closed","ping_status":"closed","template":"page-empty.php","meta":{"spay_email":"","footnotes":""},"class_list":["post-2317","page","type-page","status-publish","hentry"],"yoast_head":"<!-- This site is optimized with the Yoast SEO plugin v27.1.1 - https:\/\/yoast.com\/product\/yoast-seo-wordpress\/ -->\n<title>Tarifs Emplacement Camping en Nord Ard\u00e8che - Les Berges Du Doux<\/title>\n<meta name=\"description\" content=\"Tarifs emplacement camping\u00a0en Ard\u00e8che verte, proche village caract\u00e8re Boucieu-le-roi et V\u00e9lorail. Proximit\u00e9 Touron-sur-Rh\u00f4ne, Saint-F\u00e9licien et Lamastre.\" \/>\n<meta name=\"robots\" content=\"index, follow, max-snippet:-1, max-image-preview:large, max-video-preview:-1\" \/>\n<link rel=\"canonical\" href=\"https:\/\/www.camping-lesbergesdudoux.com\/?page_id=2317\" \/>\n<meta property=\"og:locale\" content=\"fr_FR\" \/>\n<meta property=\"og:type\" content=\"article\" \/>\n<meta property=\"og:title\" content=\"Tarifs Emplacement Camping en Nord Ard\u00e8che - Les Berges Du Doux\" \/>\n<meta property=\"og:description\" content=\"Tarifs emplacement camping\u00a0en Ard\u00e8che verte, proche village caract\u00e8re Boucieu-le-roi et V\u00e9lorail. Proximit\u00e9 Touron-sur-Rh\u00f4ne, Saint-F\u00e9licien et Lamastre.\" \/>\n<meta property=\"og:url\" content=\"https:\/\/www.camping-lesbergesdudoux.com\/?page_id=2317\" \/>\n<meta property=\"og:site_name\" content=\"Camping Les Berges Du Doux 3* avec piscine dans la vall\u00e9e du doux\" \/>\n<meta property=\"article:publisher\" content=\"https:\/\/www.facebook.com\/camping.lesbergesdudoux\/\" \/>\n<meta property=\"article:modified_time\" content=\"2025-11-13T08:10:31+00:00\" \/>\n<meta property=\"og:image\" content=\"https:\/\/i0.wp.com\/camping-lesbergesdudoux.com\/wp-content\/uploads\/2017\/10\/chienautorise.jpg?resize=73%2C48\" \/>\n<meta name=\"twitter:card\" content=\"summary_large_image\" \/>\n<meta name=\"twitter:label1\" content=\"Est. reading time\" \/>\n\t<meta name=\"twitter:data1\" content=\"3 minutes\" \/>\n<script type=\"application\/ld+json\" class=\"yoast-schema-graph\">{\"@context\":\"https:\/\/schema.org\",\"@graph\":[{\"@type\":\"WebPage\",\"@id\":\"https:\/\/www.camping-lesbergesdudoux.com\/?page_id=2317\",\"url\":\"https:\/\/www.camping-lesbergesdudoux.com\/?page_id=2317\",\"name\":\"Tarifs Emplacement Camping en Nord Ard\u00e8che - Les Berges Du Doux\",\"isPartOf\":{\"@id\":\"https:\/\/www.camping-lesbergesdudoux.com\/#website\"},\"primaryImageOfPage\":{\"@id\":\"https:\/\/www.camping-lesbergesdudoux.com\/?page_id=2317#primaryimage\"},\"image\":{\"@id\":\"https:\/\/www.camping-lesbergesdudoux.com\/?page_id=2317#primaryimage\"},\"thumbnailUrl\":\"https:\/\/i0.wp.com\/camping-lesbergesdudoux.com\/wp-content\/uploads\/2017\/10\/chienautorise.jpg?resize=73%2C48\",\"datePublished\":\"2019-04-13T08:36:24+00:00\",\"dateModified\":\"2025-11-13T08:10:31+00:00\",\"description\":\"Tarifs emplacement camping\u00a0en Ard\u00e8che verte, proche village caract\u00e8re Boucieu-le-roi et V\u00e9lorail. Proximit\u00e9 Touron-sur-Rh\u00f4ne, Saint-F\u00e9licien et Lamastre.\",\"breadcrumb\":{\"@id\":\"https:\/\/www.camping-lesbergesdudoux.com\/?page_id=2317#breadcrumb\"},\"inLanguage\":\"fr-FR\",\"potentialAction\":[{\"@type\":\"ReadAction\",\"target\":[\"https:\/\/www.camping-lesbergesdudoux.com\/?page_id=2317\"]}]},{\"@type\":\"ImageObject\",\"inLanguage\":\"fr-FR\",\"@id\":\"https:\/\/www.camping-lesbergesdudoux.com\/?page_id=2317#primaryimage\",\"url\":\"https:\/\/i0.wp.com\/camping-lesbergesdudoux.com\/wp-content\/uploads\/2017\/10\/chienautorise.jpg?resize=73%2C48\",\"contentUrl\":\"https:\/\/i0.wp.com\/camping-lesbergesdudoux.com\/wp-content\/uploads\/2017\/10\/chienautorise.jpg?resize=73%2C48\"},{\"@type\":\"BreadcrumbList\",\"@id\":\"https:\/\/www.camping-lesbergesdudoux.com\/?page_id=2317#breadcrumb\",\"itemListElement\":[{\"@type\":\"ListItem\",\"position\":1,\"name\":\"Accueil\",\"item\":\"https:\/\/www.camping-lesbergesdudoux.com\/\"},{\"@type\":\"ListItem\",\"position\":2,\"name\":\"Tarifs emplacement camping en Ard\u00e8che Verte &#8211; Nord Ard\u00e8che\"}]},{\"@type\":\"WebSite\",\"@id\":\"https:\/\/www.camping-lesbergesdudoux.com\/#website\",\"url\":\"https:\/\/www.camping-lesbergesdudoux.com\/\",\"name\":\"Camping Les Berges Du Doux 3* avec piscine dans la vall\u00e9e du doux\",\"description\":\"Camping 3* avec piscine chauff\u00e9e en Ard\u00e8che verte, nord Ard\u00e8che, le long de la rivi\u00e8re le Doux\",\"potentialAction\":[{\"@type\":\"SearchAction\",\"target\":{\"@type\":\"EntryPoint\",\"urlTemplate\":\"https:\/\/www.camping-lesbergesdudoux.com\/?s={search_term_string}\"},\"query-input\":{\"@type\":\"PropertyValueSpecification\",\"valueRequired\":true,\"valueName\":\"search_term_string\"}}],\"inLanguage\":\"fr-FR\"}]}<\/script>\n<!-- \/ Yoast SEO plugin. -->","yoast_head_json":{"title":"Tarifs Emplacement Camping en Nord Ard\u00e8che - Les Berges Du Doux","description":"Tarifs emplacement camping\u00a0en Ard\u00e8che verte, proche village caract\u00e8re Boucieu-le-roi et V\u00e9lorail. Proximit\u00e9 Touron-sur-Rh\u00f4ne, Saint-F\u00e9licien et Lamastre.","robots":{"index":"index","follow":"follow","max-snippet":"max-snippet:-1","max-image-preview":"max-image-preview:large","max-video-preview":"max-video-preview:-1"},"canonical":"https:\/\/www.camping-lesbergesdudoux.com\/?page_id=2317","og_locale":"fr_FR","og_type":"article","og_title":"Tarifs Emplacement Camping en Nord Ard\u00e8che - Les Berges Du Doux","og_description":"Tarifs emplacement camping\u00a0en Ard\u00e8che verte, proche village caract\u00e8re Boucieu-le-roi et V\u00e9lorail. Proximit\u00e9 Touron-sur-Rh\u00f4ne, Saint-F\u00e9licien et Lamastre.","og_url":"https:\/\/www.camping-lesbergesdudoux.com\/?page_id=2317","og_site_name":"Camping Les Berges Du Doux 3* avec piscine dans la vall\u00e9e du doux","article_publisher":"https:\/\/www.facebook.com\/camping.lesbergesdudoux\/","article_modified_time":"2025-11-13T08:10:31+00:00","og_image":[{"url":"https:\/\/i0.wp.com\/camping-lesbergesdudoux.com\/wp-content\/uploads\/2017\/10\/chienautorise.jpg?resize=73%2C48","type":"","width":"","height":""}],"twitter_card":"summary_large_image","twitter_misc":{"Est. reading time":"3 minutes"},"schema":{"@context":"https:\/\/schema.org","@graph":[{"@type":"WebPage","@id":"https:\/\/www.camping-lesbergesdudoux.com\/?page_id=2317","url":"https:\/\/www.camping-lesbergesdudoux.com\/?page_id=2317","name":"Tarifs Emplacement Camping en Nord Ard\u00e8che - Les Berges Du Doux","isPartOf":{"@id":"https:\/\/www.camping-lesbergesdudoux.com\/#website"},"primaryImageOfPage":{"@id":"https:\/\/www.camping-lesbergesdudoux.com\/?page_id=2317#primaryimage"},"image":{"@id":"https:\/\/www.camping-lesbergesdudoux.com\/?page_id=2317#primaryimage"},"thumbnailUrl":"https:\/\/i0.wp.com\/camping-lesbergesdudoux.com\/wp-content\/uploads\/2017\/10\/chienautorise.jpg?resize=73%2C48","datePublished":"2019-04-13T08:36:24+00:00","dateModified":"2025-11-13T08:10:31+00:00","description":"Tarifs emplacement camping\u00a0en Ard\u00e8che verte, proche village caract\u00e8re Boucieu-le-roi et V\u00e9lorail. Proximit\u00e9 Touron-sur-Rh\u00f4ne, Saint-F\u00e9licien et Lamastre.","breadcrumb":{"@id":"https:\/\/www.camping-lesbergesdudoux.com\/?page_id=2317#breadcrumb"},"inLanguage":"fr-FR","potentialAction":[{"@type":"ReadAction","target":["https:\/\/www.camping-lesbergesdudoux.com\/?page_id=2317"]}]},{"@type":"ImageObject","inLanguage":"fr-FR","@id":"https:\/\/www.camping-lesbergesdudoux.com\/?page_id=2317#primaryimage","url":"https:\/\/i0.wp.com\/camping-lesbergesdudoux.com\/wp-content\/uploads\/2017\/10\/chienautorise.jpg?resize=73%2C48","contentUrl":"https:\/\/i0.wp.com\/camping-lesbergesdudoux.com\/wp-content\/uploads\/2017\/10\/chienautorise.jpg?resize=73%2C48"},{"@type":"BreadcrumbList","@id":"https:\/\/www.camping-lesbergesdudoux.com\/?page_id=2317#breadcrumb","itemListElement":[{"@type":"ListItem","position":1,"name":"Accueil","item":"https:\/\/www.camping-lesbergesdudoux.com\/"},{"@type":"ListItem","position":2,"name":"Tarifs emplacement camping en Ard\u00e8che Verte &#8211; Nord Ard\u00e8che"}]},{"@type":"WebSite","@id":"https:\/\/www.camping-lesbergesdudoux.com\/#website","url":"https:\/\/www.camping-lesbergesdudoux.com\/","name":"Camping Les Berges Du Doux 3* avec piscine dans la vall\u00e9e du doux","description":"Camping 3* avec piscine chauff\u00e9e en Ard\u00e8che verte, nord Ard\u00e8che, le long de la rivi\u00e8re le Doux","potentialAction":[{"@type":"SearchAction","target":{"@type":"EntryPoint","urlTemplate":"https:\/\/www.camping-lesbergesdudoux.com\/?s={search_term_string}"},"query-input":{"@type":"PropertyValueSpecification","valueRequired":true,"valueName":"search_term_string"}}],"inLanguage":"fr-FR"}]}},"_links":{"self":[{"href":"https:\/\/www.camping-lesbergesdudoux.com\/index.php?rest_route=\/wp\/v2\/pages\/2317","targetHints":{"allow":["GET"]}}],"collection":[{"href":"https:\/\/www.camping-lesbergesdudoux.com\/index.php?rest_route=\/wp\/v2\/pages"}],"about":[{"href":"https:\/\/www.camping-lesbergesdudoux.com\/index.php?rest_route=\/wp\/v2\/types\/page"}],"author":[{"embeddable":true,"href":"https:\/\/www.camping-lesbergesdudoux.com\/index.php?rest_route=\/wp\/v2\/users\/1"}],"replies":[{"embeddable":true,"href":"https:\/\/www.camping-lesbergesdudoux.com\/index.php?rest_route=%2Fwp%2Fv2%2Fcomments&post=2317"}],"version-history":[{"count":0,"href":"https:\/\/www.camping-lesbergesdudoux.com\/index.php?rest_route=\/wp\/v2\/pages\/2317\/revisions"}],"wp:attachment":[{"href":"https:\/\/www.camping-lesbergesdudoux.com\/index.php?rest_route=%2Fwp%2Fv2%2Fmedia&parent=2317"}],"curies":[{"name":"wp","href":"https:\/\/api.w.org\/{rel}","templated":true}]}}