{"id":1277,"date":"2026-01-27T12:00:07","date_gmt":"2026-01-27T11:00:07","guid":{"rendered":"http:\/\/jorritabrahams.nl\/starhotel-wp\/?page_id=8"},"modified":"2026-04-08T12:19:10","modified_gmt":"2026-04-08T10:19:10","slug":"camping-lesbergesdudoux","status":"publish","type":"page","link":"https:\/\/www.camping-lesbergesdudoux.com\/","title":{"rendered":"Camping Ard\u00e8che Nord avec piscine chauff\u00e9e 3 \u00e9toiles &#8211; Les Berges Du Doux"},"content":{"rendered":"<div class=\"wpb-content-wrapper\">[vc_row full_width=\u00a0\u00bbstretch_row\u00a0\u00bb content_placement=\u00a0\u00bbmiddle\u00a0\u00bb css=\u00a0\u00bb.vc_custom_1716838369429{background-color: #3a3f1c !important;}\u00a0\u00bb][vc_column]<h1 style=\"color:#ffffff;\" class=\"centrer-le-titre  center\">Camping Ard\u00e8che Nord avec piscine chauff\u00e9e 3 \u00e9toiles<\/h1>[\/vc_column][vc_column width=\u00a0\u00bb1\/2&Prime; css=\u00a0\u00bb.vc_custom_1605860223521{background-color: #f9f9f9 !important;}\u00a0\u00bb][vc_column_text css=\u00a0\u00bb.vc_custom_1775643542706{background-color: #ffffff !important;}\u00a0\u00bb]\n<h3 style=\"text-align: center;\"><strong><span style=\"color: #000000;\">Camping familial Ard\u00e8che Nord 3 \u00e9toiles<\/span><\/strong><\/h3>\n<h4 style=\"text-align: center;\"><span style=\"color: #000000;\">dans un environnement <\/span><span style=\"color: #000000;\">\u00ab Nature et Authentique \u00bb, <\/span><span style=\"color: #000000;\">en bordure de rivi\u00e8re <\/span><\/h4>\n<h4 style=\"text-align: center;\"><span style=\"color: #000000;\">avec piscine chauff\u00e9e \u00e0 partir de mai !!<\/span><\/h4>\n<h3 style=\"text-align: center;\"><span style=\"color: #003300;\">Offre derni\u00e8re minute vacances de printemps : -15% sur votre s\u00e9jour du 10 avril au 03 mai 2026 (pour toutes r\u00e9servations faites en ligne \u00e0 partir du 07 avril 2026)<\/span><\/h3>\n<h3 style=\"text-align: center;\"><span style=\"color: #c78708;\"><strong>Saison 2026 : du 10 avril au 20 septembre<\/strong><\/span><\/h3>\n<h5 style=\"text-align: center;\"><em>Accueil ouvert de 8h30 \u00e0 12h et de 15h \u00e0 19h en basse et moyenne saison<\/em><\/h5>\n<h5 style=\"text-align: center;\"><em>ouvert de 8h30 \u00e0 13h et de 15h \u00e0 19h en haute et tr\u00e8s haute saison<\/em><\/h5>\n<h3 style=\"text-align: center;\"><\/h3>\n[\/vc_column_text][vc_column_text][\/vc_column_text][\/vc_column][vc_column width=\u00a0\u00bb1\/2&Prime;][vc_single_image image=\u00a0\u00bb3347&Prime; img_size=\u00a0\u00bblarge\u00a0\u00bb alignment=\u00a0\u00bbcenter\u00a0\u00bb style=\u00a0\u00bbvc_box_rounded\u00a0\u00bb][\/vc_column][\/vc_row][vc_row full_width=\u00a0\u00bbstretch_row\u00a0\u00bb content_placement=\u00a0\u00bbtop\u00a0\u00bb css=\u00a0\u00bb.vc_custom_1716837324146{background-color: #3a3f1c !important;}\u00a0\u00bb][vc_column width=\u00a0\u00bb1\/5&Prime;][vc_single_image image=\u00a0\u00bb3834&Prime; img_size=\u00a0\u00bb720&#215;400&Prime; alignment=\u00a0\u00bbcenter\u00a0\u00bb style=\u00a0\u00bbvc_box_rounded\u00a0\u00bb][vc_column_text]\n<p style=\"text-align: center;\"><span style=\"color: #ffffff;\">Le V\u00e9lorail ! A Boucieu-le-roi \u00e0 20 minutes \u00e0 pied du camping, en pleine nature avec rivi\u00e8re<\/span><\/p>\n[\/vc_column_text][\/vc_column][vc_column width=\u00a0\u00bb1\/5&Prime;][vc_single_image image=\u00a0\u00bb760&Prime; img_size=\u00a0\u00bb720&#215;400&Prime; alignment=\u00a0\u00bbcenter\u00a0\u00bb style=\u00a0\u00bbvc_box_rounded\u00a0\u00bb][vc_column_text]\n<p style=\"text-align: center;\"><span style=\"color: #ffffff;\">Le train \u00e0 vapeur de l\u2019Ard\u00e8che<\/span><\/p>\n[\/vc_column_text][\/vc_column][vc_column width=\u00a0\u00bb1\/5&Prime;][vc_single_image image=\u00a0\u00bb4368&Prime; img_size=\u00a0\u00bb720&#215;400&Prime; alignment=\u00a0\u00bbcenter\u00a0\u00bb style=\u00a0\u00bbvc_box_rounded\u00a0\u00bb css=\u00a0\u00bb\u00a0\u00bb][vc_column_text]\n<p style=\"text-align: center;\"><span style=\"color: #ffffff;\">Zone de baignade dans le doux \u00e0 proximit\u00e9<\/span><\/p>\n[\/vc_column_text][\/vc_column][vc_column width=\u00a0\u00bb1\/5&Prime;][vc_single_image image=\u00a0\u00bb3851&Prime; img_size=\u00a0\u00bb360&#215;200&Prime; alignment=\u00a0\u00bbcenter\u00a0\u00bb style=\u00a0\u00bbvc_box_rounded\u00a0\u00bb][vc_column_text]\n<p style=\"text-align: center;\"><span style=\"color: #ffffff;\">Safari de Peaugres \u00e0 45 min<\/span><\/p>\n[\/vc_column_text][\/vc_column][vc_column width=\u00a0\u00bb1\/5&Prime;][vc_single_image image=\u00a0\u00bb3835&Prime; img_size=\u00a0\u00bb720&#215;400&Prime; alignment=\u00a0\u00bbcenter\u00a0\u00bb style=\u00a0\u00bbvc_box_rounded\u00a0\u00bb][vc_column_text]\n<p style=\"text-align: center;\"><strong><span style=\"color: #ffffff;\">Autres activit\u00e9s \u00e0 30min<\/span><\/strong><\/p>\n[\/vc_column_text][\/vc_column][\/vc_row][vc_row][vc_column][vc_empty_space][\/vc_column][\/vc_row][vc_row][vc_column][vc_column_text css=\u00a0\u00bb\u00a0\u00bb]\n<h2 style=\"text-align: center;\">Renseignez ci-dessous vos dates de s\u00e9jour pour conna\u00eetre les tarifs et les disponibilit\u00e9s<\/h2>\n<p style=\"text-align: center;\"><em>Du 10\/04 au 17\/07 \u00a0puis du 24\/08 au 20\/09 <\/em>: location possible logements pour minimum 2 nuits\u00a0 &#8211; ascension 3 nuits &#8211; p\u00e9riode Ard\u00e9choise \u00e0 partir de 2 nuits (sur les derni\u00e8res disponibilit\u00e9s)<\/p>\n<p style=\"text-align: center;\"><em>Du 18 juillet au 23 ao\u00fbt : <\/em>location logements minimum 7 nuits<\/p>\n[\/vc_column_text][vc_raw_js]JTNDc2NyaXB0JTNFJTBBJTIwJTIwJTIwJTIwd2luZG93LmN0b3V0dmVydCUyMCUzRCUyMCU3QiUwQSUyMCUyMCUyMCUyMCUyMCUyMCUyMCUyMGlkJTNBJTIwMzQ4NCUyQyUwQSUyMCUyMCUyMCUyMCUyMCUyMCUyMCUyMGxhbmclM0ElMjAlMjdmciUyNyUyQyUwQSUyMCUyMCUyMCUyMCUyMCUyMCUyMCUyMHVybCUzQSUyMCUyN2h0dHBzJTNBJTJGJTJGYm9va2luZ3ByZW1pdW0uc2VjdXJlaG9saWRheS5uZXQlMkZ3aWRnZXRzJTJGJTI3JTJDJTIwJTBBJTIwJTIwJTIwJTIwJTdEJTNCJTBBJTBBJTIwJTIwJTIwJTIwJTI4ZnVuY3Rpb24lMjAlMjh3JTJDJTIwZCUyQyUyMHMlMkMlMjBjdHYlMkMlMjByJTJDJTIwanMlMkMlMjBmanMlMjklMjAlN0IlMEElMjAlMjAlMjAlMjAlMjAlMjAlMjAlMjByJTNEbmV3JTIwWE1MSHR0cFJlcXVlc3QlMjglMjklM0JyLm9wZW4lMjglMjdHRVQlMjclMkN3JTVCY3R2JTVELnVybCUyQiUyN2pzJTJGc3JjLmpzb24lMjclMjklM0IlMEElMjAlMjAlMjAlMjAlMjAlMjAlMjAlMjByLnJlc3BvbnNlVHlwZSUzRCUyN2pzb24lMjclM0JyLmpzb24lM0R0cnVlJTNCci5zZW5kJTI4JTI5JTNCJTBBJTIwJTIwJTIwJTIwJTIwJTIwJTIwJTIwci5vbmxvYWQlM0RmdW5jdGlvbiUyOCUyOSU3QnclNUJjdHYlNUQuc3JjJTNEci5yZXNwb25zZVR5cGUlM0QlM0QlMjdqc29uJTI3JTNGci5yZXNwb25zZSUzQUpTT04ucGFyc2UlMjhyLnJlc3BvbnNlJTI5JTNCJTBBJTIwJTIwJTIwJTIwJTIwJTIwJTIwJTIwanMuc3JjJTNEdyU1QmN0diU1RC5zcmMlNUIwJTVEJTNCZmpzLnBhcmVudE5vZGUuaW5zZXJ0QmVmb3JlJTI4anMlMkMlMjBmanMlMjklM0IlN0QlMEElMjAlMjAlMjAlMjAlMjAlMjAlMjAlMjBqcyUzRGQuY3JlYXRlRWxlbWVudCUyOHMlMjklMkNmanMlM0RkLmdldEVsZW1lbnRzQnlUYWdOYW1lJTI4cyUyOSU1QjAlNUQlM0IlMEElMjAlMjAlMjAlMjAlMjAlMjAlMjAlMjBqcy5pZCUzRCUyN2N0dndpZGdldCUyNyUzQmpzLmFzeW5jJTNEMSUzQiUwQSUyMCUyMCUyMCUyMCU3RCUyOHdpbmRvdyUyQyUyMGRvY3VtZW50JTJDJTIwJTI3c2NyaXB0JTI3JTJDJTIwJTI3Y3RvdXR2ZXJ0JTI3JTI5JTI5JTNCJTBBJTNDJTJGc2NyaXB0JTNF[\/vc_raw_js][vc_raw_html]JTNDY3R2LXNlYXJjaGJhciUyMCUzRSUzQyUyRmN0di1zZWFyY2hiYXIlM0U=[\/vc_raw_html][vc_empty_space][\/vc_column][\/vc_row][vc_row css=\u00a0\u00bb.vc_custom_1546815291988{margin-bottom: 0px !important;}\u00a0\u00bb][vc_column css=\u00a0\u00bb.vc_custom_1716837342825{background-color: #3a3f1c !important;}\u00a0\u00bb][vc_column_text css=\u00a0\u00bb.vc_custom_1760528074278{margin-bottom: 0px !important;}\u00a0\u00bb]\n<h3 style=\"text-align: center;\"><span style=\"color: #ffffff;\">Camping Ard\u00e8che avec piscine chauff\u00e9e 3 \u00e9toiles en bord de rivi\u00e8re<\/span><\/h3>\n<p>&nbsp;<\/p>\n<h4 style=\"text-align: center;\"><span style=\"color: #ffffff;\"><strong>Camping familial au calme, \u00e0 proximit\u00e9 du v\u00e9lo-rail de l\u2019Ard\u00e8che et du village de Caract\u00e8re de \u00ab Boucieu le roi \u00bb;<\/strong><\/span><\/h4>\n<h4 style=\"text-align: center;\"><span style=\"color: #ffffff;\"><strong> avec 14 logements, 20 emplacements nus, 7 emplacements r\u00e9sidents (caravane) et 1 g\u00eete 6\/8 pers ; <\/strong><\/span><\/h4>\n<h4 style=\"text-align: center;\"><strong><span style=\"color: #ffffff;\">service bar, glaces artisanales, petits-d\u00e9jeuners, restauration , jeux enfants, animations en haute saison.<\/span><\/strong><\/h4>\n[\/vc_column_text][\/vc_column][\/vc_row][vc_row equal_height=\u00a0\u00bbyes\u00a0\u00bb content_placement=\u00a0\u00bbtop\u00a0\u00bb css=\u00a0\u00bb.vc_custom_1716837353281{padding-top: 20px !important;padding-right: 40px !important;padding-bottom: 20px !important;padding-left: 40px !important;background-color: #3a3f1c !important;}\u00a0\u00bb][vc_column width=\u00a0\u00bb1\/4&Prime; offset=\u00a0\u00bbvc_col-lg-6 vc_col-md-12&Prime;][vc_row_inner][vc_column_inner][\/vc_column_inner][\/vc_row_inner][vc_single_image image=\u00a0\u00bb2861&Prime; img_size=\u00a0\u00bb\u00a0\u00bb alignment=\u00a0\u00bbcenter\u00a0\u00bb][vc_single_image image=\u00a0\u00bb4320&Prime; img_size=\u00a0\u00bb\u00a0\u00bb alignment=\u00a0\u00bbcenter\u00a0\u00bb css=\u00a0\u00bb\u00a0\u00bb][vc_single_image image=\u00a0\u00bb3880&Prime; img_size=\u00a0\u00bb\u00a0\u00bb alignment=\u00a0\u00bbcenter\u00a0\u00bb][vc_single_image image=\u00a0\u00bb4357&Prime; img_size=\u00a0\u00bbmedium\u00a0\u00bb alignment=\u00a0\u00bbcenter\u00a0\u00bb css=\u00a0\u00bb\u00a0\u00bb][\/vc_column][vc_column width=\u00a0\u00bb3\/4&Prime; offset=\u00a0\u00bbvc_col-lg-6 vc_col-md-12&Prime;][vc_column_text css=\u00a0\u00bb\u00a0\u00bb]\n<h2><\/h2>\n<h2 style=\"text-align: center;\"><span style=\"color: #ffffff;\">L&rsquo;Ard\u00e8che Nord ou Ard\u00e8che verte<\/span><\/h2>\n<p><span style=\"color: #ffffff;\"><em><strong>Pas de tourisme de masse mais une belle r\u00e9gion \u00e0 d\u00e9couvrir\u00a0 avec de nombreux sentiers p\u00e9destres ou \u00e0 faire \u00e0 v\u00e9los, de nombreux villages de caract\u00e8re avec des march\u00e9s de producteurs locaux (viandes, fromages et fruits de saison ); de nombreuses caves avec des vins de renom, et des activit\u00e9s pour petits et grands (p\u00e8che, baignade, Safari , visite de fermes&#8230;).<\/strong><\/em><\/span><\/p>\n<h2 style=\"text-align: center;\"><span style=\"color: #ffffff;\"><strong>Vivement 2026!!<br \/>\n<\/strong><\/span><\/h2>\n<p><span style=\"color: #ffffff;\"><b>Merci \u00e0 tous pour cette ann\u00e9e 2025, au plaisir de vous accueillir en 2026<\/b><\/span><\/p>\n<h3><span style=\"color: #ffffff;\"><strong>Vous pouvez d\u00e8s \u00e0 pr\u00e9sent r\u00e9server en ligne pour la saison 2026.\u00a0 <\/strong><\/span><\/h3>\n<p><span style=\"color: #ffffff;\"><strong>N&rsquo;h\u00e9sitez pas cependant \u00e0 nous contacter par mail ou t\u00e9l\u00e9phone pour toute demande de renseignements<br \/>\n<\/strong><\/span><\/p>\n<p style=\"text-align: left;\"><span style=\"color: #ffffff;\"><strong>Dans l\u2019attente de vous revoir ou de vous rencontrer pour cette prochaine saison,<\/strong><\/span><\/p>\n<p style=\"text-align: left;\"><span style=\"color: #ffffff;\"><strong>Cordialement<\/strong><\/span><\/p>\n<p style=\"text-align: center;\"><span style=\"color: #ffffff;\"><strong><em>\u00a0<\/em><\/strong><strong>Sandra et Simon<\/strong><\/span><\/p>\n<h4 style=\"text-align: center;\"><span style=\"color: #ffffff;\"><strong>Email : accueil@camping-lesbergesdudoux.com<\/strong><\/span><\/h4>\n<h4 style=\"text-align: center;\"><span style=\"color: #ffffff;\"><strong>Tel fixe: 04 75 06 79 10<\/strong><\/span><\/h4>\n[\/vc_column_text][\/vc_column][\/vc_row][vc_row equal_height=\u00a0\u00bbyes\u00a0\u00bb content_placement=\u00a0\u00bbtop\u00a0\u00bb css=\u00a0\u00bb.vc_custom_1716837364465{padding-top: 0px !important;padding-right: 40px !important;padding-bottom: 0px !important;padding-left: 40px !important;background-color: #3a3f1c !important;}\u00a0\u00bb][vc_column width=\u00a0\u00bb1\/6&Prime; offset=\u00a0\u00bbvc_col-lg-offset-0 vc_col-lg-2 vc_col-md-offset-0 vc_col-md-2 vc_col-sm-offset-0 vc_col-xs-offset-2 vc_col-xs-8&Prime;][vc_single_image image=\u00a0\u00bb4303&Prime; img_size=\u00a0\u00bbmedium\u00a0\u00bb alignment=\u00a0\u00bbcenter\u00a0\u00bb css=\u00a0\u00bb\u00a0\u00bb][vc_column_text css=\u00a0\u00bb\u00a0\u00bb]\n<h3 style=\"text-align: center;\"><span style=\"color: #ffffff;\"><strong>Piscine, Pataugeoire et rivi\u00e8re<\/strong><\/span><\/h3>\n[\/vc_column_text][\/vc_column][vc_column width=\u00a0\u00bb1\/6&Prime; offset=\u00a0\u00bbvc_col-lg-offset-0 vc_col-lg-2 vc_col-md-offset-0 vc_col-md-2 vc_col-sm-offset-0 vc_col-xs-offset-2 vc_col-xs-8&Prime;][vc_single_image image=\u00a0\u00bb4304&Prime; img_size=\u00a0\u00bbmedium\u00a0\u00bb alignment=\u00a0\u00bbcenter\u00a0\u00bb css=\u00a0\u00bb\u00a0\u00bb][vc_column_text css=\u00a0\u00bb\u00a0\u00bb]\n<h3 style=\"text-align: center;\"><span style=\"color: #ffffff;\"><strong>P\u00eache dans le doux<\/strong><\/span><\/h3>\n[\/vc_column_text][\/vc_column][vc_column width=\u00a0\u00bb1\/6&Prime; offset=\u00a0\u00bbvc_col-lg-offset-0 vc_col-lg-2 vc_col-md-offset-0 vc_col-md-2 vc_col-sm-offset-0 vc_col-xs-offset-2 vc_col-xs-8&Prime;][vc_single_image image=\u00a0\u00bb4305&Prime; img_size=\u00a0\u00bbmedium\u00a0\u00bb alignment=\u00a0\u00bbcenter\u00a0\u00bb css=\u00a0\u00bb\u00a0\u00bb][vc_column_text css=\u00a0\u00bb\u00a0\u00bb]\n<h3 style=\"text-align: center;\"><span style=\"color: #ffffff;\"><strong>Ping-pong, trampoline, badminton&#8230;<\/strong><\/span><\/h3>\n[\/vc_column_text][\/vc_column][vc_column width=\u00a0\u00bb1\/6&Prime; offset=\u00a0\u00bbvc_col-lg-offset-0 vc_col-lg-2 vc_col-md-offset-0 vc_col-md-2 vc_col-sm-offset-0 vc_col-xs-offset-2 vc_col-xs-8&Prime;][vc_single_image image=\u00a0\u00bb4308&Prime; img_size=\u00a0\u00bbmedium\u00a0\u00bb alignment=\u00a0\u00bbcenter\u00a0\u00bb css=\u00a0\u00bb\u00a0\u00bb][vc_column_text css=\u00a0\u00bb\u00a0\u00bb]\n<h3 style=\"text-align: center;\"><span style=\"color: #ffffff;\"><strong>De nombreuses Randonn\u00e9es<\/strong><\/span><\/h3>\n[\/vc_column_text][\/vc_column][vc_column width=\u00a0\u00bb1\/6&Prime; offset=\u00a0\u00bbvc_col-lg-offset-0 vc_col-lg-2 vc_col-md-offset-0 vc_col-md-2 vc_col-sm-offset-0 vc_col-xs-offset-2 vc_col-xs-8&Prime;][vc_single_image image=\u00a0\u00bb4309&Prime; img_size=\u00a0\u00bbmedium\u00a0\u00bb alignment=\u00a0\u00bbcenter\u00a0\u00bb css=\u00a0\u00bb\u00a0\u00bb][vc_column_text css=\u00a0\u00bb\u00a0\u00bb]\n<h3 style=\"text-align: center;\"><span style=\"color: #ffffff;\"><strong>Itin\u00e9raires v\u00e9lo \u00e0 proximit\u00e9<\/strong><\/span><\/h3>\n[\/vc_column_text][\/vc_column][vc_column width=\u00a0\u00bb1\/6&Prime; offset=\u00a0\u00bbvc_col-lg-offset-0 vc_col-lg-2 vc_col-md-offset-0 vc_col-md-2 vc_col-sm-offset-0 vc_col-xs-offset-2 vc_col-xs-8&Prime;][vc_single_image image=\u00a0\u00bb4310&Prime; img_size=\u00a0\u00bbmedium\u00a0\u00bb alignment=\u00a0\u00bbcenter\u00a0\u00bb css=\u00a0\u00bb\u00a0\u00bb][vc_column_text css=\u00a0\u00bb\u00a0\u00bb]\n<h3 style=\"text-align: center;\"><span style=\"color: #ffffff;\"><strong>Bar, restaurant<\/strong><\/span><\/h3>\n[\/vc_column_text][\/vc_column][\/vc_row][vc_row equal_height=\u00a0\u00bbyes\u00a0\u00bb content_placement=\u00a0\u00bbtop\u00a0\u00bb css=\u00a0\u00bb.vc_custom_1716837376642{padding-top: 0px !important;padding-right: 20px !important;padding-bottom: 0px !important;padding-left: 20px !important;background-color: #3a3f1c !important;}\u00a0\u00bb][vc_column css=\u00a0\u00bb.vc_custom_1546818265625{padding-top: 0px !important;}\u00a0\u00bb][vc_column_text]\n<p style=\"text-align: center;\"><span style=\"color: #ffffff;\">Sans oublier les villages de caract\u00e8re, le train historique \u00e0 vapeur de l\u2019Ard\u00e8che et le v\u00e9lo rail \u00e0 proximit\u00e9 du camping (1km),<br \/>\n<\/span><span style=\"color: #ffffff;\">vous permettant de d\u00e9couvrir d\u2019une fa\u00e7on diff\u00e9rente cette r\u00e9gion magnifique !<\/span>[\/vc_column_text][\/vc_column][\/vc_row][vc_row][vc_column css=\u00a0\u00bb.vc_custom_1546817634880{padding-top: 0px !important;}\u00a0\u00bb][vc_column_text]\n<p style=\"text-align: center;\">\n        <h2 class=\"lined-heading mt50\">\n            <span>\n            Nos locations\n            <\/span>\n        <\/h2>\n        \n[\/vc_column_text][\/vc_column][\/vc_row][vc_row][vc_column width=\u00a0\u00bb1\/4&Prime;][vc_single_image image=\u00a0\u00bb4335&Prime; img_size=\u00a0\u00bb800&#215;533&Prime; alignment=\u00a0\u00bbcenter\u00a0\u00bb style=\u00a0\u00bbvc_box_rounded\u00a0\u00bb css=\u00a0\u00bb\u00a0\u00bb][vc_column_text css=\u00a0\u00bb\u00a0\u00bb]\n<h3 style=\"text-align: center;\"><span style=\"color: #003300;\">Tente <a style=\"color: #003300;\" href=\"https:\/\/www.camping-lesbergesdudoux.com\/?room=tente-safari-4-personnes\">Safari<\/a><\/span><\/h3>\n[\/vc_column_text][\/vc_column][vc_column width=\u00a0\u00bb1\/4&Prime;][vc_single_image image=\u00a0\u00bb4354&Prime; img_size=\u00a0\u00bb800&#215;533&Prime; alignment=\u00a0\u00bbcenter\u00a0\u00bb style=\u00a0\u00bbvc_box_rounded\u00a0\u00bb css=\u00a0\u00bb\u00a0\u00bb][vc_column_text css=\u00a0\u00bb\u00a0\u00bb]\n<h3 style=\"text-align: center;\"><span style=\"color: #34592f;\"><a style=\"color: #34592f;\" href=\"https:\/\/camping-lesbergesdudoux.com\/?room=cottage-2-3-et-4pers\"><strong>Cottage 2\/4 pers<\/strong><\/a><\/span><\/h3>\n[\/vc_column_text][\/vc_column][vc_column width=\u00a0\u00bb1\/4&Prime;][vc_single_image image=\u00a0\u00bb754&Prime; img_size=\u00a0\u00bb800&#215;533&Prime; alignment=\u00a0\u00bbcenter\u00a0\u00bb style=\u00a0\u00bbvc_box_rounded\u00a0\u00bb][vc_column_text css=\u00a0\u00bb\u00a0\u00bb]\n<h3 style=\"text-align: center;\"><span style=\"color: #34592f;\"><a style=\"color: #34592f;\" href=\"https:\/\/camping-lesbergesdudoux.com\/?room=bengali-4-pers\"><strong>Bengali 4 ers<\/strong><\/a><\/span><\/h3>\n[\/vc_column_text][\/vc_column][vc_column width=\u00a0\u00bb1\/4&Prime;][vc_single_image image=\u00a0\u00bb4351&Prime; img_size=\u00a0\u00bb800&#215;533&Prime; alignment=\u00a0\u00bbcenter\u00a0\u00bb style=\u00a0\u00bbvc_box_rounded\u00a0\u00bb css=\u00a0\u00bb\u00a0\u00bb][vc_column_text css=\u00a0\u00bb\u00a0\u00bb]\n<h3 style=\"text-align: center;\"><strong><span style=\"color: #34592f;\"><a style=\"color: #34592f;\" href=\"https:\/\/camping-lesbergesdudoux.com\/room\/pod-2-a-4-pers\/\">Pod<\/a> et <\/span><a href=\"https:\/\/camping-lesbergesdudoux.com\/?room=pod-logement\"><span style=\"color: #34592f;\">M\u00e9gaPod 2\/3 pers<\/span><\/a><\/strong><\/h3>\n[\/vc_column_text][\/vc_column][\/vc_row][vc_row][vc_column width=\u00a0\u00bb1\/4&Prime;][vc_single_image image=\u00a0\u00bb3881&Prime; img_size=\u00a0\u00bb800&#215;533&Prime; alignment=\u00a0\u00bbcenter\u00a0\u00bb style=\u00a0\u00bbvc_box_rounded\u00a0\u00bb][vc_column_text css=\u00a0\u00bb\u00a0\u00bb]\n<h3 style=\"text-align: center;\"><span style=\"color: #34592f;\"><a style=\"color: #34592f;\" href=\"https:\/\/camping-lesbergesdudoux.com\/?room=chalet-5-pers-2\"><strong>C<\/strong><strong>halet 5p<\/strong><\/a><strong> et <\/strong><a style=\"color: #34592f;\" href=\"https:\/\/camping-lesbergesdudoux.com\/?room=chalet-4-pers\"><strong>Chalet 4p<\/strong><\/a><\/span><\/h3>\n[\/vc_column_text][\/vc_column][vc_column width=\u00a0\u00bb1\/4&Prime;][vc_single_image image=\u00a0\u00bb4353&Prime; img_size=\u00a0\u00bb800&#215;533&Prime; css=\u00a0\u00bb\u00a0\u00bb][vc_column_text css=\u00a0\u00bb\u00a0\u00bb]\n<h3 style=\"text-align: center;\"><a href=\"https:\/\/www.camping-lesbergesdudoux.com\/?room=nv-chalet-5-pers\"><strong><span style=\"color: #34592f;\">C<\/span><\/strong><span style=\"color: #34592f;\"><strong>halet 5p <\/strong><\/span><\/a><span style=\"color: #34592f;\"><a style=\"font-size: 16px; color: #34592f;\" href=\"https:\/\/www.camping-lesbergesdudoux.com\/room\/nv-chalet-5-pers\/\"><strong>Morea<\/strong><\/a><\/span><\/h3>\n[\/vc_column_text][\/vc_column][vc_column width=\u00a0\u00bb1\/4&Prime;][vc_single_image image=\u00a0\u00bb3813&Prime;][vc_column_text css=\u00a0\u00bb\u00a0\u00bb]\n<h3 style=\"text-align: center;\"><span style=\"color: #34592f;\"><a style=\"color: #34592f;\" href=\"https:\/\/camping-lesbergesdudoux.com\/?room=nouveau-chalet-smart-view-5-pers\"><strong>Chalet panoramique <\/strong><\/a><\/span><a href=\"https:\/\/camping-lesbergesdudoux.com\/?room=nouveau-chalet-smart-view-5-pers\"><strong><span style=\"color: #34592f;\">5 pers<\/span><\/strong><\/a><\/h3>\n[\/vc_column_text][\/vc_column][vc_column width=\u00a0\u00bb1\/4&Prime;][vc_single_image image=\u00a0\u00bb4326&Prime; img_size=\u00a0\u00bb800&#215;533&Prime; alignment=\u00a0\u00bbcenter\u00a0\u00bb style=\u00a0\u00bbvc_box_rounded\u00a0\u00bb css=\u00a0\u00bb\u00a0\u00bb][vc_column_text css=\u00a0\u00bb\u00a0\u00bb]\n<h3 style=\"text-align: center;\"><a href=\"https:\/\/camping-lesbergesdudoux.com\/?room=maisonnette-6-8-pers\"><strong><span style=\"color: #34592f;\">G\u00eete 6\/8 pers<\/span><\/strong><\/a><\/h3>\n[\/vc_column_text][\/vc_column][\/vc_row][vc_row][vc_column][vc_column_text css=\u00a0\u00bb\u00a0\u00bb]\n        <h2 class=\"lined-heading mt50\">\n            <span>\n            Les Prestations\n            <\/span>\n        <\/h2>\n        [vc_row_inner][vc_column_inner width=\u00a0\u00bb1\/4&Prime;]\n    <div class=\"usp\">\n        <div class=\"box-icon\">\n                <div class=\"circle\"><i class=\"fa fa fa-glass fa-lg\"><\/i><\/div>\n                <h3>Bar\/Cocktail<\/h3>\n                <p>Une petite soif, une glace, un cocktail, le bar est \u00e0 votre disposition toute la saison.<\/p>\n<\/p>\n        <\/div>\n    <\/div>\n    [\/vc_column_inner][vc_column_inner width=\u00a0\u00bb1\/4&Prime;]\n    <div class=\"usp\">\n        <div class=\"box-icon\">\n                <div class=\"circle\"><i class=\"fa fa fa-cutlery fa-lg\"><\/i><\/div>\n                <h3>Restaurant\/Snack<\/h3>\n                <p>En haute saison, une restauration simple, maison et \u00e0 th\u00e8me les soirs (pizzas, moules\/frites, planches &#8230;).<\/p>\n<\/p>\n        <\/div>\n    <\/div>\n    [\/vc_column_inner][vc_column_inner width=\u00a0\u00bb1\/4&Prime;]\n    <div class=\"usp\">\n        <div class=\"box-icon\">\n                <div class=\"circle\"><i class=\"fa fa fa-home fa-lg\"><\/i><\/div>\n                <h3>Locations<\/h3>\n                <p>Vous pourrez appr\u00e9cier toutes nos locations, de la toile de tente au chalet avec tout le confort<\/p>\n<\/p>\n        <\/div>\n    <\/div>\n    [\/vc_column_inner][vc_column_inner width=\u00a0\u00bb1\/4&Prime;]\n    <div class=\"usp\">\n        <div class=\"box-icon\">\n                <div class=\"circle\"><i class=\"fa fa fa-bicycle fa-lg\"><\/i><\/div>\n                <h3>Autres services<\/h3>\n                <p>A l&rsquo;accueil renseignement de l&rsquo;offre du camping et alentours (sites touristiques, loisirs, restauration&#8230;)<\/p>\n<\/p>\n        <\/div>\n    <\/div>\n    [\/vc_column_inner][\/vc_row_inner][\/vc_column_text][\/vc_column][\/vc_row][vc_row][vc_column][vc_column_text css=\u00a0\u00bb\u00a0\u00bb]\n    <div id=\"map\">\n    <\/div>[\/vc_column_text][\/vc_column][\/vc_row][vc_row css=\u00a0\u00bb.vc_custom_1515620884773{border-top-width: 0px !important;border-right-width: 0px !important;border-bottom-width: 0px !important;border-left-width: 0px !important;}\u00a0\u00bb][vc_column width=\u00a0\u00bb1\/2&Prime;][vc_column_text]\n<p style=\"text-align: center;\"><span style=\"color: #333333;\">Camping Ard\u00e8che 3 \u00e9toiles Les Berges Du Doux avec piscine chauff\u00e9e en bord de rivi\u00e8re <\/span><span style=\"color: #333333;\">(notamm<\/span><span style=\"color: #333333;\">ent des coins de baignade tr\u00e8s agr\u00e9ables, mais aussi une rivi\u00e8re de 1\u00e8<\/span><span style=\"color: #333333;\">re cat\u00e9gorie id\u00e9ale pour la p\u00eache \u00e0 la truite) <\/span><\/p>\n<p><img decoding=\"async\" class=\"aligncenter wp-image-1697 lazyload\" data-src=\"https:\/\/camping-lesbergesdudoux.com\/wp-content\/uploads\/2018\/01\/logo_ancv-300x225.gif\" alt=\"ancv logo\" width=\"80\" height=\"60\" data-srcset=\"https:\/\/www.camping-lesbergesdudoux.com\/wp-content\/uploads\/2018\/01\/logo_ancv-300x225.gif 300w, https:\/\/www.camping-lesbergesdudoux.com\/wp-content\/uploads\/2018\/01\/logo_ancv-768x577.gif 768w, https:\/\/www.camping-lesbergesdudoux.com\/wp-content\/uploads\/2018\/01\/logo_ancv-1024x769.gif 1024w\" data-sizes=\"auto\" src=\"data:image\/svg+xml;base64,PHN2ZyB3aWR0aD0iMSIgaGVpZ2h0PSIxIiB4bWxucz0iaHR0cDovL3d3dy53My5vcmcvMjAwMC9zdmciPjwvc3ZnPg==\" style=\"--smush-placeholder-width: 80px; --smush-placeholder-aspect-ratio: 80\/60;\" data-original-sizes=\"(max-width: 80px) 100vw, 80px\" \/><\/p>\n<p><img decoding=\"async\" class=\"wp-image-1704 aligncenter lazyload\" data-src=\"https:\/\/camping-lesbergesdudoux.com\/wp-content\/uploads\/2018\/01\/Logo-carte-bleue.jpg\" alt=\"carte bancaire visa mastercard logo\" width=\"100\" height=\"100\" src=\"data:image\/svg+xml;base64,PHN2ZyB3aWR0aD0iMSIgaGVpZ2h0PSIxIiB4bWxucz0iaHR0cDovL3d3dy53My5vcmcvMjAwMC9zdmciPjwvc3ZnPg==\" style=\"--smush-placeholder-width: 100px; --smush-placeholder-aspect-ratio: 100\/100;\" \/><\/p>\n<p><span style=\"color: #999999;\"><img decoding=\"async\" class=\"aligncenter wp-image-2493 size-full lazyload\" data-src=\"https:\/\/camping-lesbergesdudoux.com\/wp-content\/uploads\/2019\/12\/logo-menu.jpg\" alt=\"vacaf logo\" width=\"90\" height=\"34\" src=\"data:image\/svg+xml;base64,PHN2ZyB3aWR0aD0iMSIgaGVpZ2h0PSIxIiB4bWxucz0iaHR0cDovL3d3dy53My5vcmcvMjAwMC9zdmciPjwvc3ZnPg==\" style=\"--smush-placeholder-width: 90px; --smush-placeholder-aspect-ratio: 90\/34;\" \/><\/span>[\/vc_column_text][\/vc_column][vc_column width=\u00a0\u00bb1\/2&Prime; css=\u00a0\u00bb.vc_custom_1515621422278{background-position: center !important;background-repeat: no-repeat !important;background-size: cover !important;}\u00a0\u00bb][vc_column_text css=\u00a0\u00bb\u00a0\u00bb]\n<p style=\"text-align: center;\">Pensez \u00e0 notre<\/p>\n<p style=\"text-align: center;\">Formule 1\/2 pension \u00e0 25\u20ac\/personne pour l&rsquo;ard\u00e9choise<br \/>\n<span style=\"color: #000000;\"><a style=\"color: #000000;\" href=\"http:\/\/camping-lesbergesdudoux.com\/contacter-camping\/\">(demande d\u2019information)<\/a><\/span><\/p>\n<p style=\"text-align: center;\"><span style=\"color: #000000;\"><strong><a style=\"color: #000000;\" href=\"http:\/\/camping-lesbergesdudoux.com\/contacter-camping\/\">R\u00e9servation avant votre arriv\u00e9e<\/a><\/strong><\/span><\/p>\n[\/vc_column_text][\/vc_column][\/vc_row][vc_row][vc_column width=\u00a0\u00bb1\/2&Prime; offset=\u00a0\u00bbvc_col-lg-6 vc_col-md-12&Prime;][vc_column_text css=\u00a0\u00bb\u00a0\u00bb]\n<h3><strong>Avis Client<\/strong><\/h3>\n<div class=\"aAs4ib\">\n<div class=\"jUkSGf WwUTAf\"><span class=\"k5TI0\"><a class=\"DHIhE QB2Jof\" href=\"https:\/\/www.google.com\/maps\/contrib\/104313262332129920242?hl=fr\" target=\"_blank\" rel=\"noopener\">Franck De Glenco<\/a><span class=\"iUtr1 CQYfx\">il y a 4 mois sur\u00a0<span class=\"YhR3n\">Google<\/span><\/span><\/span><\/div>\n<div class=\"GDWaad\">5\/5<\/div>\n<\/div>\n<div>\n<div class=\"ThUm5b\">Vacances \u2758 Famille<\/div>\n<div class=\"kVathc eoY5cb\">\n<div class=\"OlkcBc\">\n<div class=\"STQFb eoY5cb\">\n<div class=\"K7oBsc\">\n<div>Un v\u00e9ritable havre de paix au bord de la rivi\u00e8re Doux\u202f! Le Camping Les Berges du Doux m\u00e9rite largement ses \u00e9toiles : tout est r\u00e9uni pour un s\u00e9jour inoubliable. Le couple qui tient le camping est d\u2019une gentillesse incroyable, toujours disponible, pr\u00eat \u00e0 rendre service. Ils nous ont d\u00e9pann\u00e9s plus d\u2019une fois, notamment en nous pr\u00eatant des couvertures et des chaises oubli\u00e9es. Une vraie attention aux campeurs, \u00e7a fait toute la diff\u00e9rence\u202f!<br \/>\nLes sanitaires sont tr\u00e8s propres, les emplacements bien entretenus, il y a une belle piscine, une aire de jeux pour les enfants, et une restauration du soir de qualit\u00e9, avec de bons petits plats faits maison. Il y a aussi trois espaces barbecue en dur, tr\u00e8s pratiques pour partager un bon moment.<br \/>\nUn camping familial, calme et accueillant, parfait pour se ressourcer en Ard\u00e8che. On recommande les yeux ferm\u00e9s\u202f!<\/div>\n<div>Visit\u00e9 en juin 2025<\/div>\n<\/div>\n<\/div>\n<\/div>\n<\/div>\n<\/div>\n<div>\n<div class=\"Jtu6Td dvSRve\">\n<div class=\"aAs4ib\"><\/div>\n<div>\n<div class=\"kVathc eoY5cb\">\n<div class=\"OlkcBc\">\n<div><\/div>\n<\/div>\n<\/div>\n<\/div>\n<\/div>\n<\/div>\n<div>\n<div class=\"aAs4ib\">\n<div class=\"jUkSGf WwUTAf\"><span class=\"k5TI0\"><a class=\"DHIhE QB2Jof\" href=\"https:\/\/www.google.com\/maps\/contrib\/102508413128750866422?hl=fr\" target=\"_blank\" rel=\"noopener\">Camille Cv<\/a><span class=\"iUtr1 CQYfx\">il y a 4 mois sur\u00a0<span class=\"YhR3n\">Google<\/span><\/span><\/span><\/div>\n<div class=\"GDWaad\">5\/5<\/div>\n<\/div>\n<div>\n<div class=\"ThUm5b\">Vacances \u2758 Famille<\/div>\n<div class=\"kVathc\">\n<div class=\"STQFb eoY5cb\">\n<div class=\"K7oBsc\">\n<div>Nous avons pass\u00e9 un agr\u00e9able s\u00e9jour pour l&rsquo;ascension. Les ma\u00eetres mots sont d\u00e9connexion totale! La camping est tr\u00e8s agr\u00e9able, bien entretenu, plein d&rsquo;activit\u00e9s pour les enfants et plein de balades \u00e0 faire dans les alentours. Nous recommandons vivement.<\/div>\n<div>Visit\u00e9 en mai 2025<\/div>\n<\/div>\n<\/div>\n<\/div>\n<\/div>\n<\/div>\n<div>\n<div class=\"aAs4ib\"><\/div>\n<div>\n<div class=\"kVathc eoY5cb\">\n<div class=\"OlkcBc\">\n<div class=\"STQFb eoY5cb\">\n<div><\/div>\n<\/div>\n<\/div>\n<\/div>\n<\/div>\n<\/div>\n[\/vc_column_text][\/vc_column][vc_column width=\u00a0\u00bb1\/2&Prime;][vc_tta_tabs spacing=\u00a0\u00bb2&Prime; gap=\u00a0\u00bb2&Prime; alignment=\u00a0\u00bbcenter\u00a0\u00bb active_section=\u00a0\u00bb1&Prime; css=\u00a0\u00bb.vc_custom_1710104691521{background-color: #ffffff !important;}\u00a0\u00bb][vc_tta_section title=\u00a0\u00bbPr\u00e9sentation\u00a0\u00bb tab_id=\u00a0\u00bb1521058068384-f7fa5b39-2adf\u00a0\u00bb][vc_column_text]\n<p style=\"text-align: center;\">Le Camping Nature en Ard\u00e8che (non inondable) est proche d&rsquo;un rivi\u00e8re, mais est aussi \u00e9quip\u00e9 d&rsquo;une piscine chauff\u00e9e de 17m x 6m.<\/p>\n<p><img decoding=\"async\" class=\"wp-image-1249 size-full aligncenter lazyload\" title=\"pont Boucieu-le-roi\" data-src=\"https:\/\/camping-lesbergesdudoux.com\/wp-content\/uploads\/2017\/10\/village-caract\u00e8re-boucieu197x147.jpg\" alt=\"pont Boucieu-le-roi\" width=\"197\" height=\"147\" src=\"data:image\/svg+xml;base64,PHN2ZyB3aWR0aD0iMSIgaGVpZ2h0PSIxIiB4bWxucz0iaHR0cDovL3d3dy53My5vcmcvMjAwMC9zdmciPjwvc3ZnPg==\" style=\"--smush-placeholder-width: 197px; --smush-placeholder-aspect-ratio: 197\/147;\" \/><\/p>\n<p style=\"text-align: center;\"><span style=\"color: #000000;\"><a style=\"color: #000000;\" href=\"http:\/\/camping-lesbergesdudoux.com\/works\/ardeche-verte\/\">Au c\u0153ur de l\u2019Ard\u00e8che verte et sauvage<\/a>, en vall\u00e9e du Doux, proche de Boucieu-le-roi et du V\u00e9lorail de l&rsquo;Ard\u00e8che, ce camping familial avec\u00a0 piscine et rivi\u00e8re\u00a0 est un endroit \u00a0id\u00e9al pour se ressourcer et passer des vacances agr\u00e9ables \u00e0 votre rythme.<\/span><\/p>\n<p style=\"text-align: center;\"><span style=\"color: #000000;\"><a style=\"color: #000000;\" href=\"http:\/\/camping-lesbergesdudoux.com\/presentation-camping\/\">Sandra et Simon vous y accueilleront avec plaisir<\/a><\/span><\/p>\n[\/vc_column_text][\/vc_tta_section][vc_tta_section title=\u00a0\u00bbEv\u00e9nements\u00a0\u00bb tab_id=\u00a0\u00bb1521058068535-8d190e27-b501&Prime;][vc_column_text css=\u00a0\u00bb\u00a0\u00bb]\n<h3 style=\"text-align: center;\">Quelques id\u00e9es de l&rsquo;Ard\u00e8che verte (Nord Ard\u00e8che) :<\/h3>\n<p style=\"text-align: center;\">Pensez a r\u00e9server votre location pour la manifestation l&rsquo;<a href=\"http:\/\/www.ardechoise.com\/\" target=\"_blank\" rel=\"noopener\">ard\u00e9choise du 09 au 13 juin 2026.<\/a><\/p>\n<p style=\"text-align: center;\">Id\u00e9es de balades : <a href=\"https:\/\/www.ardeche-hermitage.com\/fr\/\" target=\"_blank\" rel=\"noopener\">\u00a0Hermitage\/Tournonais<\/a><\/p>\n<p style=\"text-align: center;\">Id\u00e9es de sortie :\u00a0\u00a0<a href=\"https:\/\/www.pays-lamastre-tourisme.com\/fr\/decouvrir\/\" target=\"_blank\" rel=\"noopener\">Lamastre<\/a><\/p>\n<p style=\"text-align: center;\">Balades \u00e0 pied ou \u00e0 v\u00e9lo :<a href=\"https:\/\/rando-ardeche-hermitage.fr\/\">de nombreuses possibilit\u00e9s<\/a><\/p>\n<p style=\"text-align: center;\">N&rsquo;oubliez pas aussi de profiter de la piscine 17m x 6m avec sa pataugeoire&#8230;<\/p>\n[\/vc_column_text][\/vc_tta_section][vc_tta_section title=\u00a0\u00bbAnimations\u00a0\u00bb tab_id=\u00a0\u00bb1521058242327-ea67fd2b-bf6c\u00a0\u00bb][vc_column_text]\n<p style=\"text-align: center;\">Balade en <a href=\"http:\/\/www.velorailardeche.com\" target=\"_blank\" rel=\"noopener\">v\u00e9lorail<\/a><\/p>\n<p style=\"text-align: center;\"><a href=\"http:\/\/www.jardin-des-trains.com\/\" target=\"_blank\" rel=\"noopener\">Jardin des trains ard\u00e9chois\u00a0<\/a><\/p>\n<p style=\"text-align: center;\"><a href=\"http:\/\/www.safari-peaugres.com\/\" target=\"_blank\" rel=\"noopener\">Safari Peaugres<\/a><\/p>\n<p style=\"text-align: center;\">et bien d&rsquo;autres choses&#8230; <a href=\"http:\/\/www.ardecheverte-campings.com\/ou-sortir\/\">(programme)<\/a><\/p>\n[\/vc_column_text][\/vc_tta_section][\/vc_tta_tabs][\/vc_column][\/vc_row][vc_row][vc_column][vc_column_text css=\u00a0\u00bb\u00a0\u00bb]\n<p style=\"text-align: center;\">Camping Ard\u00e8che Nord 3 \u00e9toiles : camping familial, piscine chauff\u00e9e, bord de rivi\u00e8re, en Vall\u00e9e du Doux (Ard\u00e8che Verte)<\/p>\n<p style=\"text-align: center;\">id\u00e9alement situ\u00e9 en Ard\u00e8che verte (Nord Ard\u00e8che), mais aussi d&rsquo;un village de caract\u00e8re Boucieu-le-roi et du v\u00e9lo-rail.<\/p>\n<p style=\"text-align: center;\"><span style=\"color: #000000;\"><a style=\"color: #000000;\" href=\"http:\/\/www.ardecheverte-campings.com\/\" target=\"_blank\" rel=\"noopener\">15 CAMPINGS EN ARD\u00c8CHE VERTE : l&rsquo;association \u00ab\u00a0VACANCEZ EN ARDECHE VERTE\u00a0\u00bb<\/a><\/span><\/p>\n[\/vc_column_text][\/vc_column][\/vc_row][vc_row content_placement=\u00a0\u00bbmiddle\u00a0\u00bb][vc_column width=\u00a0\u00bb1\/6&Prime;][vc_single_image image=\u00a0\u00bb773&Prime; img_size=\u00a0\u00bbmedium\u00a0\u00bb alignment=\u00a0\u00bbcenter\u00a0\u00bb onclick=\u00a0\u00bbcustom_link\u00a0\u00bb img_link_target=\u00a0\u00bb_blank\u00a0\u00bb link=\u00a0\u00bbhttps:\/\/www.ardeche-hermitage.com\/fr\/\u00a0\u00bb][\/vc_column][vc_column width=\u00a0\u00bb1\/6&Prime;][vc_single_image image=\u00a0\u00bb924&Prime; img_size=\u00a0\u00bbmedium\u00a0\u00bb alignment=\u00a0\u00bbcenter\u00a0\u00bb onclick=\u00a0\u00bbcustom_link\u00a0\u00bb img_link_target=\u00a0\u00bb_blank\u00a0\u00bb link=\u00a0\u00bbhttps:\/\/www.pays-lamastre-tourisme.com\/fr\/\u00a0\u00bb][\/vc_column][vc_column width=\u00a0\u00bb1\/6&Prime;][vc_single_image image=\u00a0\u00bb3748&Prime; img_size=\u00a0\u00bbmedium\u00a0\u00bb alignment=\u00a0\u00bbcenter\u00a0\u00bb onclick=\u00a0\u00bbcustom_link\u00a0\u00bb img_link_target=\u00a0\u00bb_blank\u00a0\u00bb link=\u00a0\u00bbhttps:\/\/www.archeagglo.fr\/\u00a0\u00bb][\/vc_column][vc_column width=\u00a0\u00bb1\/6&Prime;][vc_single_image image=\u00a0\u00bb3751&Prime; img_size=\u00a0\u00bbmedium\u00a0\u00bb alignment=\u00a0\u00bbcenter\u00a0\u00bb onclick=\u00a0\u00bbcustom_link\u00a0\u00bb img_link_target=\u00a0\u00bb_blank\u00a0\u00bb link=\u00a0\u00bbhttps:\/\/www.ardeche-hermitage.com\/fr\/\u00a0\u00bb][\/vc_column][vc_column width=\u00a0\u00bb1\/6&Prime;][vc_single_image image=\u00a0\u00bb4699&Prime; img_size=\u00a0\u00bbmedium\u00a0\u00bb alignment=\u00a0\u00bbcenter\u00a0\u00bb onclick=\u00a0\u00bbcustom_link\u00a0\u00bb img_link_target=\u00a0\u00bb_blank\u00a0\u00bb css=\u00a0\u00bb\u00a0\u00bb link=\u00a0\u00bbhttp:\/\/www.ardechoise.com\/\u00a0\u00bb][\/vc_column][vc_column width=\u00a0\u00bb1\/6&Prime;][vc_single_image image=\u00a0\u00bb1429&Prime; img_size=\u00a0\u00bbmedium\u00a0\u00bb alignment=\u00a0\u00bbcenter\u00a0\u00bb onclick=\u00a0\u00bbcustom_link\u00a0\u00bb img_link_target=\u00a0\u00bb_blank\u00a0\u00bb link=\u00a0\u00bbhttps:\/\/www.ardecheverte-campings.com\/\u00a0\u00bb][\/vc_column][\/vc_row][vc_row][vc_column][vc_single_image image=\u00a0\u00bb2647&Prime; alignment=\u00a0\u00bbcenter\u00a0\u00bb][\/vc_column][\/vc_row]\n<\/div>","protected":false},"excerpt":{"rendered":"<p>[vc_row full_width=\u00a0\u00bbstretch_row\u00a0\u00bb content_placement=\u00a0\u00bbmiddle\u00a0\u00bb css=\u00a0\u00bb.vc_custom_1716838369429{background-color: #3a3f1c !important;}\u00a0\u00bb][vc_column][\/vc_column][vc_column width=\u00a0\u00bb1\/2&Prime; css=\u00a0\u00bb.vc_custom_1605860223521{background-color: #f9f9f9 !important;}\u00a0\u00bb][vc_column_text css=\u00a0\u00bb.vc_custom_1775643542706{background-color: #ffffff !important;}\u00a0\u00bb] Camping familial Ard\u00e8che Nord 3 \u00e9toiles dans un environnement \u00ab Nature et Authentique \u00bb, en bordure de rivi\u00e8re avec piscine chauff\u00e9e \u00e0 partir de mai !! Offre derni\u00e8re minute vacances de printemps : -15% sur votre s\u00e9jour du 10 avril au 03 [&hellip;]<\/p>\n","protected":false},"author":1,"featured_media":0,"parent":0,"menu_order":0,"comment_status":"closed","ping_status":"closed","template":"page-slider-reservation.php","meta":{"spay_email":"","footnotes":""},"class_list":["post-1277","page","type-page","status-publish","hentry"],"yoast_head":"<!-- This site is optimized with the Yoast SEO plugin v27.1.1 - https:\/\/yoast.com\/product\/yoast-seo-wordpress\/ -->\n<title>Camping Ard\u00e8che avec piscine chauff\u00e9e 3 \u00e9toiles - Les Berges Du Doux<\/title>\n<meta name=\"description\" content=\"Camping Ard\u00e8che Nord avec piscine . Vos vacances en Ard\u00e8che dans un camping familial en bordure de rivi\u00e8re en Vall\u00e9e du Doux (v\u00e9lo, VTT, marche \u00e0 pied, ..).\" \/>\n<meta name=\"robots\" content=\"index, follow, max-snippet:-1, max-image-preview:large, max-video-preview:-1\" \/>\n<link rel=\"canonical\" href=\"https:\/\/www.camping-lesbergesdudoux.com\/\" \/>\n<meta property=\"og:locale\" content=\"fr_FR\" \/>\n<meta property=\"og:type\" content=\"article\" \/>\n<meta property=\"og:title\" content=\"Camping Ard\u00e8che avec piscine chauff\u00e9e 3 \u00e9toiles - Les Berges Du Doux\" \/>\n<meta property=\"og:description\" content=\"Camping Ard\u00e8che Nord avec piscine . Vos vacances en Ard\u00e8che dans un camping familial en bordure de rivi\u00e8re en Vall\u00e9e du Doux (v\u00e9lo, VTT, marche \u00e0 pied, ..).\" \/>\n<meta property=\"og:url\" content=\"https:\/\/www.camping-lesbergesdudoux.com\/\" \/>\n<meta property=\"og:site_name\" content=\"Camping Les Berges Du Doux 3* avec piscine dans la vall\u00e9e du doux\" \/>\n<meta property=\"article:publisher\" content=\"https:\/\/www.facebook.com\/camping.lesbergesdudoux\/\" \/>\n<meta property=\"article:modified_time\" content=\"2026-04-08T10:19:10+00:00\" \/>\n<meta property=\"og:image\" content=\"https:\/\/www.camping-lesbergesdudoux.com\/wp-content\/uploads\/2017\/01\/piscine2-slider.jpg\" \/>\n\t<meta property=\"og:image:width\" content=\"1920\" \/>\n\t<meta property=\"og:image:height\" content=\"802\" \/>\n\t<meta property=\"og:image:type\" content=\"image\/jpeg\" \/>\n<meta name=\"twitter:card\" content=\"summary_large_image\" \/>\n<meta name=\"twitter:label1\" content=\"Est. reading time\" \/>\n\t<meta name=\"twitter:data1\" content=\"15 minutes\" \/>\n<script type=\"application\/ld+json\" class=\"yoast-schema-graph\">{\"@context\":\"https:\/\/schema.org\",\"@graph\":[{\"@type\":\"WebPage\",\"@id\":\"https:\/\/www.camping-lesbergesdudoux.com\/\",\"url\":\"https:\/\/www.camping-lesbergesdudoux.com\/\",\"name\":\"Camping Ard\u00e8che avec piscine chauff\u00e9e 3 \u00e9toiles - Les Berges Du Doux\",\"isPartOf\":{\"@id\":\"https:\/\/www.camping-lesbergesdudoux.com\/#website\"},\"primaryImageOfPage\":{\"@id\":\"https:\/\/www.camping-lesbergesdudoux.com\/#primaryimage\"},\"image\":{\"@id\":\"https:\/\/www.camping-lesbergesdudoux.com\/#primaryimage\"},\"thumbnailUrl\":\"https:\/\/camping-lesbergesdudoux.com\/wp-content\/uploads\/2018\/01\/logo_ancv-300x225.gif\",\"datePublished\":\"2026-01-27T11:00:07+00:00\",\"dateModified\":\"2026-04-08T10:19:10+00:00\",\"description\":\"Camping Ard\u00e8che Nord avec piscine . Vos vacances en Ard\u00e8che dans un camping familial en bordure de rivi\u00e8re en Vall\u00e9e du Doux (v\u00e9lo, VTT, marche \u00e0 pied, ..).\",\"breadcrumb\":{\"@id\":\"https:\/\/www.camping-lesbergesdudoux.com\/#breadcrumb\"},\"inLanguage\":\"fr-FR\",\"potentialAction\":[{\"@type\":\"ReadAction\",\"target\":[\"https:\/\/www.camping-lesbergesdudoux.com\/\"]}]},{\"@type\":\"ImageObject\",\"inLanguage\":\"fr-FR\",\"@id\":\"https:\/\/www.camping-lesbergesdudoux.com\/#primaryimage\",\"url\":\"https:\/\/camping-lesbergesdudoux.com\/wp-content\/uploads\/2018\/01\/logo_ancv-300x225.gif\",\"contentUrl\":\"https:\/\/camping-lesbergesdudoux.com\/wp-content\/uploads\/2018\/01\/logo_ancv-300x225.gif\"},{\"@type\":\"BreadcrumbList\",\"@id\":\"https:\/\/www.camping-lesbergesdudoux.com\/#breadcrumb\",\"itemListElement\":[{\"@type\":\"ListItem\",\"position\":1,\"name\":\"Accueil\",\"item\":\"https:\/\/www.camping-lesbergesdudoux.com\/\"},{\"@type\":\"ListItem\",\"position\":2,\"name\":\"Camping Ard\u00e8che Nord avec piscine chauff\u00e9e 3 \u00e9toiles &#8211; Les Berges Du Doux\"}]},{\"@type\":\"WebSite\",\"@id\":\"https:\/\/www.camping-lesbergesdudoux.com\/#website\",\"url\":\"https:\/\/www.camping-lesbergesdudoux.com\/\",\"name\":\"Camping Les Berges Du Doux 3* avec piscine dans la vall\u00e9e du doux\",\"description\":\"Camping 3* avec piscine chauff\u00e9e en Ard\u00e8che verte, nord Ard\u00e8che, le long de la rivi\u00e8re le Doux\",\"potentialAction\":[{\"@type\":\"SearchAction\",\"target\":{\"@type\":\"EntryPoint\",\"urlTemplate\":\"https:\/\/www.camping-lesbergesdudoux.com\/?s={search_term_string}\"},\"query-input\":{\"@type\":\"PropertyValueSpecification\",\"valueRequired\":true,\"valueName\":\"search_term_string\"}}],\"inLanguage\":\"fr-FR\"}]}<\/script>\n<!-- \/ Yoast SEO plugin. -->","yoast_head_json":{"title":"Camping Ard\u00e8che avec piscine chauff\u00e9e 3 \u00e9toiles - Les Berges Du Doux","description":"Camping Ard\u00e8che Nord avec piscine . Vos vacances en Ard\u00e8che dans un camping familial en bordure de rivi\u00e8re en Vall\u00e9e du Doux (v\u00e9lo, VTT, marche \u00e0 pied, ..).","robots":{"index":"index","follow":"follow","max-snippet":"max-snippet:-1","max-image-preview":"max-image-preview:large","max-video-preview":"max-video-preview:-1"},"canonical":"https:\/\/www.camping-lesbergesdudoux.com\/","og_locale":"fr_FR","og_type":"article","og_title":"Camping Ard\u00e8che avec piscine chauff\u00e9e 3 \u00e9toiles - Les Berges Du Doux","og_description":"Camping Ard\u00e8che Nord avec piscine . Vos vacances en Ard\u00e8che dans un camping familial en bordure de rivi\u00e8re en Vall\u00e9e du Doux (v\u00e9lo, VTT, marche \u00e0 pied, ..).","og_url":"https:\/\/www.camping-lesbergesdudoux.com\/","og_site_name":"Camping Les Berges Du Doux 3* avec piscine dans la vall\u00e9e du doux","article_publisher":"https:\/\/www.facebook.com\/camping.lesbergesdudoux\/","article_modified_time":"2026-04-08T10:19:10+00:00","og_image":[{"width":1920,"height":802,"url":"https:\/\/www.camping-lesbergesdudoux.com\/wp-content\/uploads\/2017\/01\/piscine2-slider.jpg","type":"image\/jpeg"}],"twitter_card":"summary_large_image","twitter_misc":{"Est. reading time":"15 minutes"},"schema":{"@context":"https:\/\/schema.org","@graph":[{"@type":"WebPage","@id":"https:\/\/www.camping-lesbergesdudoux.com\/","url":"https:\/\/www.camping-lesbergesdudoux.com\/","name":"Camping Ard\u00e8che avec piscine chauff\u00e9e 3 \u00e9toiles - Les Berges Du Doux","isPartOf":{"@id":"https:\/\/www.camping-lesbergesdudoux.com\/#website"},"primaryImageOfPage":{"@id":"https:\/\/www.camping-lesbergesdudoux.com\/#primaryimage"},"image":{"@id":"https:\/\/www.camping-lesbergesdudoux.com\/#primaryimage"},"thumbnailUrl":"https:\/\/camping-lesbergesdudoux.com\/wp-content\/uploads\/2018\/01\/logo_ancv-300x225.gif","datePublished":"2026-01-27T11:00:07+00:00","dateModified":"2026-04-08T10:19:10+00:00","description":"Camping Ard\u00e8che Nord avec piscine . Vos vacances en Ard\u00e8che dans un camping familial en bordure de rivi\u00e8re en Vall\u00e9e du Doux (v\u00e9lo, VTT, marche \u00e0 pied, ..).","breadcrumb":{"@id":"https:\/\/www.camping-lesbergesdudoux.com\/#breadcrumb"},"inLanguage":"fr-FR","potentialAction":[{"@type":"ReadAction","target":["https:\/\/www.camping-lesbergesdudoux.com\/"]}]},{"@type":"ImageObject","inLanguage":"fr-FR","@id":"https:\/\/www.camping-lesbergesdudoux.com\/#primaryimage","url":"https:\/\/camping-lesbergesdudoux.com\/wp-content\/uploads\/2018\/01\/logo_ancv-300x225.gif","contentUrl":"https:\/\/camping-lesbergesdudoux.com\/wp-content\/uploads\/2018\/01\/logo_ancv-300x225.gif"},{"@type":"BreadcrumbList","@id":"https:\/\/www.camping-lesbergesdudoux.com\/#breadcrumb","itemListElement":[{"@type":"ListItem","position":1,"name":"Accueil","item":"https:\/\/www.camping-lesbergesdudoux.com\/"},{"@type":"ListItem","position":2,"name":"Camping Ard\u00e8che Nord avec piscine chauff\u00e9e 3 \u00e9toiles &#8211; Les Berges Du Doux"}]},{"@type":"WebSite","@id":"https:\/\/www.camping-lesbergesdudoux.com\/#website","url":"https:\/\/www.camping-lesbergesdudoux.com\/","name":"Camping Les Berges Du Doux 3* avec piscine dans la vall\u00e9e du doux","description":"Camping 3* avec piscine chauff\u00e9e en Ard\u00e8che verte, nord Ard\u00e8che, le long de la rivi\u00e8re le Doux","potentialAction":[{"@type":"SearchAction","target":{"@type":"EntryPoint","urlTemplate":"https:\/\/www.camping-lesbergesdudoux.com\/?s={search_term_string}"},"query-input":{"@type":"PropertyValueSpecification","valueRequired":true,"valueName":"search_term_string"}}],"inLanguage":"fr-FR"}]}},"_links":{"self":[{"href":"https:\/\/www.camping-lesbergesdudoux.com\/index.php?rest_route=\/wp\/v2\/pages\/1277","targetHints":{"allow":["GET"]}}],"collection":[{"href":"https:\/\/www.camping-lesbergesdudoux.com\/index.php?rest_route=\/wp\/v2\/pages"}],"about":[{"href":"https:\/\/www.camping-lesbergesdudoux.com\/index.php?rest_route=\/wp\/v2\/types\/page"}],"author":[{"embeddable":true,"href":"https:\/\/www.camping-lesbergesdudoux.com\/index.php?rest_route=\/wp\/v2\/users\/1"}],"replies":[{"embeddable":true,"href":"https:\/\/www.camping-lesbergesdudoux.com\/index.php?rest_route=%2Fwp%2Fv2%2Fcomments&post=1277"}],"version-history":[{"count":0,"href":"https:\/\/www.camping-lesbergesdudoux.com\/index.php?rest_route=\/wp\/v2\/pages\/1277\/revisions"}],"wp:attachment":[{"href":"https:\/\/www.camping-lesbergesdudoux.com\/index.php?rest_route=%2Fwp%2Fv2%2Fmedia&parent=1277"}],"curies":[{"name":"wp","href":"https:\/\/api.w.org\/{rel}","templated":true}]}}