{"id":114,"date":"2017-10-01T08:00:57","date_gmt":"2017-10-01T06:00:57","guid":{"rendered":"http:\/\/jorritabrahams.nl\/starhotel-wp\/?page_id=114"},"modified":"2024-04-28T14:55:50","modified_gmt":"2024-04-28T12:55:50","slug":"contacter-camping","status":"publish","type":"page","link":"https:\/\/www.camping-lesbergesdudoux.com\/?page_id=114","title":{"rendered":"contacter camping LBDD"},"content":{"rendered":"<div class=\"wpb-content-wrapper\">[vc_row][vc_column width=\u00a0\u00bb2\/3&Prime;]\n        <h2 class=\"lined-heading mt50\">\n            <span>\n            Vous avez une question ?\n            <\/span>\n        <\/h2>\n        [vc_column_text]\n<h4 style=\"text-align: left;\">N&rsquo;h\u00e9sitez pas \u00e0 remplir le formulaire ci-dessous pour toute demande d&rsquo; information compl\u00e9mentaire.<\/h4>\n<h4 style=\"text-align: left;\">Nous ne manquerons pas de vous r\u00e9pondre rapidement.<\/h4>\n<h4 style=\"text-align: left;\">Sandra et Simon<\/h4>\n[\/vc_column_text][vc_column_text]<span style=\"color: #000000;\"><div role=\"form\" class=\"wpcf7\" id=\"wpcf7-f950-o1\" lang=\"fr-FR\" dir=\"ltr\">\n<div class=\"screen-reader-response\"><\/div>\n<form action=\"\/index.php?rest_route=%2Fwp%2Fv2%2Fpages%2F114#wpcf7-f950-o1\" method=\"post\" class=\"wpcf7-form\" novalidate=\"novalidate\">\n<div style=\"display: none;\">\n<input type=\"hidden\" name=\"_wpcf7\" value=\"950\" \/>\n<input type=\"hidden\" name=\"_wpcf7_version\" value=\"5.1.1\" \/>\n<input type=\"hidden\" name=\"_wpcf7_locale\" value=\"fr_FR\" \/>\n<input type=\"hidden\" name=\"_wpcf7_unit_tag\" value=\"wpcf7-f950-o1\" \/>\n<input type=\"hidden\" name=\"_wpcf7_container_post\" value=\"0\" \/>\n<input type=\"hidden\" name=\"g-recaptcha-response\" value=\"\" \/>\n<\/div>\n<p>Votre nom (obligatoire)<br \/>\n    <span class=\"wpcf7-form-control-wrap your-name\"><input type=\"text\" name=\"your-name\" value=\"\" size=\"40\" class=\"wpcf7-form-control wpcf7-text wpcf7-validates-as-required\" aria-required=\"true\" aria-invalid=\"false\" \/><\/span> <\/p>\n<p>Votre email (obligatoire)<br \/>\n    <span class=\"wpcf7-form-control-wrap your-email\"><input type=\"email\" name=\"your-email\" value=\"\" size=\"40\" class=\"wpcf7-form-control wpcf7-text wpcf7-email wpcf7-validates-as-required wpcf7-validates-as-email\" aria-required=\"true\" aria-invalid=\"false\" \/><\/span> <\/p>\n<p>Sujet<br \/>\n    <span class=\"wpcf7-form-control-wrap your-subject\"><input type=\"text\" name=\"your-subject\" value=\"\" size=\"40\" class=\"wpcf7-form-control wpcf7-text\" aria-invalid=\"false\" \/><\/span> <\/p>\n<p>Votre message<br \/>\n    <span class=\"wpcf7-form-control-wrap your-message\"><textarea name=\"your-message\" cols=\"40\" rows=\"10\" class=\"wpcf7-form-control wpcf7-textarea\" aria-invalid=\"false\"><\/textarea><\/span> <\/p>\n<p><input type=\"submit\" value=\"Envoyer\" class=\"wpcf7-form-control wpcf7-submit\" \/><\/p>\n<div class=\"wpcf7-response-output wpcf7-display-none\"><\/div><\/form><\/div><\/span>[\/vc_column_text][\/vc_column][vc_column width=\u00a0\u00bb1\/3&Prime;]\n        <h2 class=\"lined-heading mt50\">\n            <span>\n            Adresse\n            <\/span>\n        <\/h2>\n        [vc_column_text]\n<p class=\"mt50\">4640 Route du Doux<br \/>\nPar Boucieu le roi<br \/>\n07410 COLOMBIER LE VIEUX<br \/>\nTel\u00a0: +33 (0)4.75.06.79.10<br \/>\nEmail\u00a0: <a href=\"mailto:accueil@camping-lesbergesdudoux.com\">accueil@camping-lesbergesdudoux.com<\/a><br \/>\nSite\u00a0: <a href=\"http:\/\/www.camping-lesbergesdudoux.com\/\">www.camping-lesbergesdudoux.com<\/a>[\/vc_column_text][vc_single_image image=\u00a0\u00bb3775&Prime; img_size=\u00a0\u00bbmedium\u00a0\u00bb][\/vc_column][\/vc_row][vc_row full_width=\u00a0\u00bbstretch_row\u00a0\u00bb content_placement=\u00a0\u00bbmiddle\u00a0\u00bb css=\u00a0\u00bb.vc_custom_1714308875629{background-color: #3a3f1c !important;}\u00a0\u00bb][vc_column][vc_column_text]\n<h1 style=\"font-size: xx-large; text-align: center; color: #453c35; font-family: Tahoma, Geneva, sans-serif;\"><strong><span style=\"color: #ffffff;\">Contactez votre camping 3 \u00e9toiles situ\u00e9 en Ard\u00e8che<\/span><\/strong><\/h1>\n[\/vc_column_text][vc_empty_space height=\u00a0\u00bb10px\u00a0\u00bb][\/vc_column][\/vc_row][vc_row][vc_column][vc_column_text]\n        <h2 class=\"lined-heading mt50\">\n            <span>\n            Itin\u00e9raires\n            <\/span>\n        <\/h2>\n        [\/vc_column_text][\/vc_column][\/vc_row][vc_row][vc_column][vc_column_text]\n<h3 style=\"font-family: Tahoma, Geneva, sans-serif; font-size: large;\"><strong>En venant de Lyon par l\u2019Autoroute &#8211; sortie Tain l\u2019Hermitage.<\/strong><\/h3>\n<p>&nbsp;<\/p>\n<ul>\n<li style=\"font-family: Tahoma, Geneva, sans-serif; font-size: large;\">Prendre direction <strong>Tournon.<\/strong><\/li>\n<li style=\"font-family: Tahoma, Geneva, sans-serif; font-size: large;\">Apr\u00e8s avoir pass\u00e9 le pont sur le Rh\u00f4ne, prendre \u00e0 droite direction <strong>Lamastre<\/strong>.<\/li>\n<li style=\"font-family: Tahoma, Geneva, sans-serif; font-size: large;\">Traverser <strong>Tournon<\/strong> puis, au rond-point suivre la direction <strong>Lamastre<\/strong> (Nous sommes \u00e0 15km de Tournon sur Rhone, 12 Km de Lamastre)<\/li>\n<li style=\"font-family: Tahoma, Geneva, sans-serif; font-size: large;\">Continuer ensuite en direction de <strong>Lamastre<\/strong> (attention, apr\u00e8s le grand pont, suivre Lamastre &#8211;\u00a0<strong>Colombier le Vieux<\/strong>).<\/li>\n<li style=\"font-family: Tahoma, Geneva, sans-serif; font-size: large;\">Apr\u00e8s environ 3 km, il existe 2 possibilit\u00e9s pour rejoindre le camping :\n<ul>\n<li>\n<p style=\"font-family: Tahoma, Geneva, sans-serif;\">Suivre <strong>Colombier le Vieux<\/strong> sur la droite &#8211; descente sur environ 3 km puis, 300m apr\u00e8s le pont, prendre la route sur la gauche (un panneau est visible) et continuer sur 5 km.<\/p>\n<\/li>\n<li>\n<p style=\"font-family: Tahoma, Geneva, sans-serif;\">Suivre <strong>Boucieu le Roi &#8211; Lamastre<\/strong> &#8211; Descendre en direction de <strong>Boucieu Le Roi<\/strong> puis, laisser le village sur la droite et continuer tout droit. Traverser ensuite la rivi\u00e8re en empruntant le pont roman et prendre tout de suite \u00e0 droite sur 1 km.<\/p>\n<\/li>\n<\/ul>\n<\/li>\n<\/ul>\n<p>&nbsp;<\/p>\n<p style=\"font-family: Tahoma, Geneva, sans-serif; font-size: large;\">Le premier itin\u00e9raire est le plus court mais d\u00e9conseill\u00e9 si vous avez une caravane car la route est \u00e9troite.<\/p>\n<p style=\"font-family: Tahoma, Geneva, sans-serif; font-size: large;\"><strong>Cet itin\u00e9raire est valable \u00e0 partir de Tain l\u2019Hermitage si vous venez de Grenoble, Valence ou du Sud.<\/strong><\/p>\n[\/vc_column_text][\/vc_column][\/vc_row][vc_row full_width=\u00a0\u00bbstretch_row\u00a0\u00bb css=\u00a0\u00bb.vc_custom_1714308900243{background-color: #ac5a33 !important;}\u00a0\u00bb][vc_column][vc_column_text]\n<h3 style=\"font-family: Tahoma, Geneva, sans-serif; font-size: large;\"><span style=\"color: #000000;\"><strong>En venant de Lamastre<\/strong><\/span><\/h3>\n<p>&nbsp;<\/p>\n<ul>\n<li style=\"font-family: Tahoma, Geneva, sans-serif; font-size: large;\"><span style=\"color: #000000;\">Prendre la direction <strong>Tournon<\/strong>.<\/span><\/li>\n<li style=\"font-family: Tahoma, Geneva, sans-serif; font-size: large;\"><span style=\"color: #000000;\">A envrion 10km, suivre sur la gauche <strong>Le Crestet<\/strong> puis, \u00e0 la sortie du village prendre \u00e0 gauche en direction de <strong>Boucieu le Roi.<\/strong><\/span><\/li>\n<li style=\"font-family: Tahoma, Geneva, sans-serif; font-size: large;\"><span style=\"color: #000000;\">Continuer jusqu\u2019\u00e0 la gare de <strong>Boucieu le Roi<\/strong> puis, au carrefour prendre \u00e0 gauche.<\/span><\/li>\n<li style=\"font-family: Tahoma, Geneva, sans-serif; font-size: large;\"><span style=\"color: #000000;\">Traverser le pont et longer la rivi\u00e8re sur votre droite pendant 800 m.<\/span><\/li>\n<\/ul>\n[\/vc_column_text][\/vc_column][\/vc_row][vc_row][vc_column][vc_column_text]\n<h3 style=\"font-family: Tahoma, Geneva, sans-serif; font-size: large;\"><strong>En venant de Saint-Etienne<\/strong><\/h3>\n<p>&nbsp;<\/p>\n<ul>\n<li style=\"font-family: Tahoma, Geneva, sans-serif; font-size: large;\">Par la <strong>N86<\/strong> (<strong>Col de la R\u00e9publique<\/strong>), traverser <strong>St Jean de Muzols<\/strong> et prendre sur la droite en direction de la <strong>Vall\u00e9e du Doux<\/strong>.<\/li>\n<li style=\"font-family: Tahoma, Geneva, sans-serif; font-size: large;\">Continuer sur environ 4 km et \u00e0 l\u2019intersection prendre \u00e0 gauche, traverser le pont puis, prendre \u00e0 droite.<\/li>\n<li style=\"font-family: Tahoma, Geneva, sans-serif; font-size: large;\">De l\u00e0, suivre la direction <strong>Lamastre<\/strong><\/li>\n<li style=\"font-family: Tahoma, Geneva, sans-serif; font-size: large;\">L\u2019itin\u00e9raire est ensuite le m\u00eame que ci-dessus.<\/li>\n<\/ul>\n[\/vc_column_text][\/vc_column][\/vc_row][vc_row full_width=\u00a0\u00bbstretch_row\u00a0\u00bb css=\u00a0\u00bb.vc_custom_1714308913343{background-color: #ac5a33 !important;}\u00a0\u00bb][vc_column][vc_column_text]\n<p style=\"font-family: Tahoma, Geneva, sans-serif; font-size: large;\"><strong>Raccourci en venant de Saint-F\u00e9licien<\/strong>,\u00a0<strong>r\u00e9serv\u00e9 aux voitures l\u00e9g\u00e8res<\/strong><\/p>\n<p>&nbsp;<\/p>\n<ul>\n<li style=\"font-family: Tahoma, Geneva, sans-serif; font-size: large;\">Suivre la direction <strong>Colombier le Vieux<\/strong>.<\/li>\n<li style=\"font-family: Tahoma, Geneva, sans-serif; font-size: large;\">Au croisement sur la <strong>D578<\/strong> laisser <strong>Colombier le Vieux<\/strong>\u00a0(tour droit) et prendre sur la droite en direction de <strong>Arlebosc\/Lamastre<\/strong>.<\/li>\n<li style=\"font-family: Tahoma, Geneva, sans-serif; font-size: large;\">A l\u2019intersection, apr\u00e8s environ 3 km, laisser <strong>Bozas<\/strong>\u00a0(\u00e0 droite) et prendre \u00e0 gauche <strong>Ecuries de Longchamps, Ferme Th\u00e9&#8230;<\/strong><\/li>\n<li style=\"font-family: Tahoma, Geneva, sans-serif; font-size: large;\">Au croisement suivant, prendre \u00e0 droite et descendre sur environ 2 km.<\/li>\n<li style=\"font-family: Tahoma, Geneva, sans-serif; font-size: large;\">Une fois arriv\u00e9 en bas, prendre tout de suite sur la gauche (avant le pont) puis, continuer sur 1 km.<\/li>\n<\/ul>\n<p>&nbsp;<\/p>\n<p style=\"font-family: Tahoma, Geneva, sans-serif; font-size: large;\"><strong>Si\u00a0vous avez une caravane :<\/strong><\/p>\n<ul>\n<li style=\"font-family: Tahoma, Geneva, sans-serif; font-size: large;\">Au lieu de tourner \u00e0 gauche (<strong>Ecuries de Lonchamps<\/strong>), continuer en direction d&rsquo;<strong>Arlebosc<\/strong>.<\/li>\n<li style=\"font-family: Tahoma, Geneva, sans-serif; font-size: large;\">A l\u2019entr\u00e9e du village, prendre \u00e0 gauche, direction Boucieu le Roi.<\/li>\n<li style=\"font-family: Tahoma, Geneva, sans-serif; font-size: large;\">Une fois arriv\u00e9 en bord de rivi\u00e8re, laisser le pont romain sur la droite pour continuer tout droit sur 1 km.<\/li>\n<\/ul>\n[\/vc_column_text][\/vc_column][\/vc_row][vc_row][vc_column][vc_empty_space height=\u00a0\u00bb30px\u00a0\u00bb][\/vc_column][\/vc_row][vc_row content_placement=\u00a0\u00bbmiddle\u00a0\u00bb][vc_column width=\u00a0\u00bb1\/6&Prime;][vc_single_image image=\u00a0\u00bb773&Prime; img_size=\u00a0\u00bbmedium\u00a0\u00bb alignment=\u00a0\u00bbcenter\u00a0\u00bb onclick=\u00a0\u00bbcustom_link\u00a0\u00bb img_link_target=\u00a0\u00bb_blank\u00a0\u00bb link=\u00a0\u00bbhttps:\/\/www.ardeche-hermitage.com\/fr\/\u00a0\u00bb][\/vc_column][vc_column width=\u00a0\u00bb1\/6&Prime;][vc_single_image image=\u00a0\u00bb924&Prime; img_size=\u00a0\u00bbmedium\u00a0\u00bb alignment=\u00a0\u00bbcenter\u00a0\u00bb onclick=\u00a0\u00bbcustom_link\u00a0\u00bb img_link_target=\u00a0\u00bb_blank\u00a0\u00bb link=\u00a0\u00bbhttps:\/\/www.pays-lamastre-tourisme.com\/fr\/\u00a0\u00bb][\/vc_column][vc_column width=\u00a0\u00bb1\/6&Prime;][vc_single_image image=\u00a0\u00bb923&Prime; img_size=\u00a0\u00bbmedium\u00a0\u00bb alignment=\u00a0\u00bbcenter\u00a0\u00bb onclick=\u00a0\u00bbcustom_link\u00a0\u00bb img_link_target=\u00a0\u00bb_blank\u00a0\u00bb link=\u00a0\u00bbhttps:\/\/www.archeagglo.fr\/\u00a0\u00bb][\/vc_column][vc_column width=\u00a0\u00bb1\/6&Prime;][vc_single_image image=\u00a0\u00bb922&Prime; img_size=\u00a0\u00bbmedium\u00a0\u00bb alignment=\u00a0\u00bbcenter\u00a0\u00bb onclick=\u00a0\u00bbcustom_link\u00a0\u00bb img_link_target=\u00a0\u00bb_blank\u00a0\u00bb link=\u00a0\u00bbhttps:\/\/www.ardeche-hermitage.com\/fr\/\u00a0\u00bb][\/vc_column][vc_column width=\u00a0\u00bb1\/6&Prime;][vc_single_image image=\u00a0\u00bb766&Prime; img_size=\u00a0\u00bbmedium\u00a0\u00bb alignment=\u00a0\u00bbcenter\u00a0\u00bb onclick=\u00a0\u00bbcustom_link\u00a0\u00bb img_link_target=\u00a0\u00bb_blank\u00a0\u00bb link=\u00a0\u00bbhttp:\/\/www.ardechoise.com\/\u00a0\u00bb][\/vc_column][vc_column width=\u00a0\u00bb1\/6&Prime;][vc_single_image image=\u00a0\u00bb1429&Prime; img_size=\u00a0\u00bbmedium\u00a0\u00bb alignment=\u00a0\u00bbcenter\u00a0\u00bb onclick=\u00a0\u00bbcustom_link\u00a0\u00bb img_link_target=\u00a0\u00bb_blank\u00a0\u00bb link=\u00a0\u00bbhttp:\/\/www.ardecheverte-campings.com\/\u00a0\u00bb][\/vc_column][\/vc_row]\n<\/div>","protected":false},"excerpt":{"rendered":"<p>[vc_row][vc_column width=\u00a0\u00bb2\/3&Prime;][vc_column_text] N&rsquo;h\u00e9sitez pas \u00e0 remplir le formulaire ci-dessous pour toute demande d&rsquo; information compl\u00e9mentaire. Nous ne manquerons pas de vous r\u00e9pondre rapidement. Sandra et Simon [\/vc_column_text][vc_column_text][\/vc_column_text][\/vc_column][vc_column width=\u00a0\u00bb1\/3&Prime;][vc_column_text] 4640 Route du Doux Par Boucieu le roi 07410 COLOMBIER LE VIEUX Tel\u00a0: +33 (0)4.75.06.79.10 Email\u00a0: accueil@camping-lesbergesdudoux.com Site\u00a0: www.camping-lesbergesdudoux.com[\/vc_column_text][vc_single_image image=\u00a0\u00bb3775&Prime; img_size=\u00a0\u00bbmedium\u00a0\u00bb][\/vc_column][\/vc_row][vc_row full_width=\u00a0\u00bbstretch_row\u00a0\u00bb content_placement=\u00a0\u00bbmiddle\u00a0\u00bb css=\u00a0\u00bb.vc_custom_1714308875629{background-color: #3a3f1c !important;}\u00a0\u00bb][vc_column][vc_column_text] Contactez [&hellip;]<\/p>\n","protected":false},"author":1,"featured_media":0,"parent":0,"menu_order":0,"comment_status":"closed","ping_status":"closed","template":"page-google-maps-header.php","meta":{"spay_email":"","footnotes":""},"class_list":["post-114","page","type-page","status-publish","hentry"],"yoast_head":"<!-- This site is optimized with the Yoast SEO plugin v27.1.1 - https:\/\/yoast.com\/product\/yoast-seo-wordpress\/ -->\n<title>Contact - Les Berges Du Doux - Camping Ard\u00e8che 3 \u00e9toiles<\/title>\n<meta name=\"description\" content=\"Vous cherchez \u00e0 joindre le camping 3 \u00e9toiles Les Berges Du Doux situ\u00e9 en Ard\u00e8che ? D\u00e9couvrez comment nous contacter : mail, t\u00e9l\u00e9phone, formulaire de contact\" \/>\n<meta name=\"robots\" content=\"index, follow, max-snippet:-1, max-image-preview:large, max-video-preview:-1\" \/>\n<link rel=\"canonical\" href=\"https:\/\/www.camping-lesbergesdudoux.com\/?page_id=114\" \/>\n<meta property=\"og:locale\" content=\"fr_FR\" \/>\n<meta property=\"og:type\" content=\"article\" \/>\n<meta property=\"og:title\" content=\"Contact - Les Berges Du Doux - Camping Ard\u00e8che 3 \u00e9toiles\" \/>\n<meta property=\"og:description\" content=\"Vous cherchez \u00e0 joindre le camping 3 \u00e9toiles Les Berges Du Doux situ\u00e9 en Ard\u00e8che ? D\u00e9couvrez comment nous contacter : mail, t\u00e9l\u00e9phone, formulaire de contact\" \/>\n<meta property=\"og:url\" content=\"https:\/\/www.camping-lesbergesdudoux.com\/?page_id=114\" \/>\n<meta property=\"og:site_name\" content=\"Camping Les Berges Du Doux 3* avec piscine dans la vall\u00e9e du doux\" \/>\n<meta property=\"article:publisher\" content=\"https:\/\/www.facebook.com\/camping.lesbergesdudoux\/\" \/>\n<meta property=\"article:modified_time\" content=\"2024-04-28T12:55:50+00:00\" \/>\n<meta property=\"og:image\" content=\"http:\/\/camping-lesbergesdudoux.com\/wp-content\/uploads\/2015\/03\/piscine-800x504.jpg\" \/>\n<meta name=\"twitter:card\" content=\"summary_large_image\" \/>\n<meta name=\"twitter:label1\" content=\"Est. reading time\" \/>\n\t<meta name=\"twitter:data1\" content=\"4 minutes\" \/>\n<script type=\"application\/ld+json\" class=\"yoast-schema-graph\">{\"@context\":\"https:\/\/schema.org\",\"@graph\":[{\"@type\":\"WebPage\",\"@id\":\"https:\/\/www.camping-lesbergesdudoux.com\/?page_id=114\",\"url\":\"https:\/\/www.camping-lesbergesdudoux.com\/?page_id=114\",\"name\":\"Contact - Les Berges Du Doux - Camping Ard\u00e8che 3 \u00e9toiles\",\"isPartOf\":{\"@id\":\"https:\/\/www.camping-lesbergesdudoux.com\/#website\"},\"datePublished\":\"2017-10-01T06:00:57+00:00\",\"dateModified\":\"2024-04-28T12:55:50+00:00\",\"description\":\"Vous cherchez \u00e0 joindre le camping 3 \u00e9toiles Les Berges Du Doux situ\u00e9 en Ard\u00e8che ? D\u00e9couvrez comment nous contacter : mail, t\u00e9l\u00e9phone, formulaire de contact\",\"breadcrumb\":{\"@id\":\"https:\/\/www.camping-lesbergesdudoux.com\/?page_id=114#breadcrumb\"},\"inLanguage\":\"fr-FR\",\"potentialAction\":[{\"@type\":\"ReadAction\",\"target\":[\"https:\/\/www.camping-lesbergesdudoux.com\/?page_id=114\"]}]},{\"@type\":\"BreadcrumbList\",\"@id\":\"https:\/\/www.camping-lesbergesdudoux.com\/?page_id=114#breadcrumb\",\"itemListElement\":[{\"@type\":\"ListItem\",\"position\":1,\"name\":\"Accueil\",\"item\":\"https:\/\/www.camping-lesbergesdudoux.com\/\"},{\"@type\":\"ListItem\",\"position\":2,\"name\":\"contacter camping LBDD\"}]},{\"@type\":\"WebSite\",\"@id\":\"https:\/\/www.camping-lesbergesdudoux.com\/#website\",\"url\":\"https:\/\/www.camping-lesbergesdudoux.com\/\",\"name\":\"Camping Les Berges Du Doux 3* avec piscine dans la vall\u00e9e du doux\",\"description\":\"Camping 3* avec piscine chauff\u00e9e en Ard\u00e8che verte, nord Ard\u00e8che, le long de la rivi\u00e8re le Doux\",\"potentialAction\":[{\"@type\":\"SearchAction\",\"target\":{\"@type\":\"EntryPoint\",\"urlTemplate\":\"https:\/\/www.camping-lesbergesdudoux.com\/?s={search_term_string}\"},\"query-input\":{\"@type\":\"PropertyValueSpecification\",\"valueRequired\":true,\"valueName\":\"search_term_string\"}}],\"inLanguage\":\"fr-FR\"}]}<\/script>\n<!-- \/ Yoast SEO plugin. -->","yoast_head_json":{"title":"Contact - Les Berges Du Doux - Camping Ard\u00e8che 3 \u00e9toiles","description":"Vous cherchez \u00e0 joindre le camping 3 \u00e9toiles Les Berges Du Doux situ\u00e9 en Ard\u00e8che ? D\u00e9couvrez comment nous contacter : mail, t\u00e9l\u00e9phone, formulaire de contact","robots":{"index":"index","follow":"follow","max-snippet":"max-snippet:-1","max-image-preview":"max-image-preview:large","max-video-preview":"max-video-preview:-1"},"canonical":"https:\/\/www.camping-lesbergesdudoux.com\/?page_id=114","og_locale":"fr_FR","og_type":"article","og_title":"Contact - Les Berges Du Doux - Camping Ard\u00e8che 3 \u00e9toiles","og_description":"Vous cherchez \u00e0 joindre le camping 3 \u00e9toiles Les Berges Du Doux situ\u00e9 en Ard\u00e8che ? D\u00e9couvrez comment nous contacter : mail, t\u00e9l\u00e9phone, formulaire de contact","og_url":"https:\/\/www.camping-lesbergesdudoux.com\/?page_id=114","og_site_name":"Camping Les Berges Du Doux 3* avec piscine dans la vall\u00e9e du doux","article_publisher":"https:\/\/www.facebook.com\/camping.lesbergesdudoux\/","article_modified_time":"2024-04-28T12:55:50+00:00","og_image":[{"url":"http:\/\/camping-lesbergesdudoux.com\/wp-content\/uploads\/2015\/03\/piscine-800x504.jpg","type":"","width":"","height":""}],"twitter_card":"summary_large_image","twitter_misc":{"Est. reading time":"4 minutes"},"schema":{"@context":"https:\/\/schema.org","@graph":[{"@type":"WebPage","@id":"https:\/\/www.camping-lesbergesdudoux.com\/?page_id=114","url":"https:\/\/www.camping-lesbergesdudoux.com\/?page_id=114","name":"Contact - Les Berges Du Doux - Camping Ard\u00e8che 3 \u00e9toiles","isPartOf":{"@id":"https:\/\/www.camping-lesbergesdudoux.com\/#website"},"datePublished":"2017-10-01T06:00:57+00:00","dateModified":"2024-04-28T12:55:50+00:00","description":"Vous cherchez \u00e0 joindre le camping 3 \u00e9toiles Les Berges Du Doux situ\u00e9 en Ard\u00e8che ? D\u00e9couvrez comment nous contacter : mail, t\u00e9l\u00e9phone, formulaire de contact","breadcrumb":{"@id":"https:\/\/www.camping-lesbergesdudoux.com\/?page_id=114#breadcrumb"},"inLanguage":"fr-FR","potentialAction":[{"@type":"ReadAction","target":["https:\/\/www.camping-lesbergesdudoux.com\/?page_id=114"]}]},{"@type":"BreadcrumbList","@id":"https:\/\/www.camping-lesbergesdudoux.com\/?page_id=114#breadcrumb","itemListElement":[{"@type":"ListItem","position":1,"name":"Accueil","item":"https:\/\/www.camping-lesbergesdudoux.com\/"},{"@type":"ListItem","position":2,"name":"contacter camping LBDD"}]},{"@type":"WebSite","@id":"https:\/\/www.camping-lesbergesdudoux.com\/#website","url":"https:\/\/www.camping-lesbergesdudoux.com\/","name":"Camping Les Berges Du Doux 3* avec piscine dans la vall\u00e9e du doux","description":"Camping 3* avec piscine chauff\u00e9e en Ard\u00e8che verte, nord Ard\u00e8che, le long de la rivi\u00e8re le Doux","potentialAction":[{"@type":"SearchAction","target":{"@type":"EntryPoint","urlTemplate":"https:\/\/www.camping-lesbergesdudoux.com\/?s={search_term_string}"},"query-input":{"@type":"PropertyValueSpecification","valueRequired":true,"valueName":"search_term_string"}}],"inLanguage":"fr-FR"}]}},"_links":{"self":[{"href":"https:\/\/www.camping-lesbergesdudoux.com\/index.php?rest_route=\/wp\/v2\/pages\/114","targetHints":{"allow":["GET"]}}],"collection":[{"href":"https:\/\/www.camping-lesbergesdudoux.com\/index.php?rest_route=\/wp\/v2\/pages"}],"about":[{"href":"https:\/\/www.camping-lesbergesdudoux.com\/index.php?rest_route=\/wp\/v2\/types\/page"}],"author":[{"embeddable":true,"href":"https:\/\/www.camping-lesbergesdudoux.com\/index.php?rest_route=\/wp\/v2\/users\/1"}],"replies":[{"embeddable":true,"href":"https:\/\/www.camping-lesbergesdudoux.com\/index.php?rest_route=%2Fwp%2Fv2%2Fcomments&post=114"}],"version-history":[{"count":0,"href":"https:\/\/www.camping-lesbergesdudoux.com\/index.php?rest_route=\/wp\/v2\/pages\/114\/revisions"}],"wp:attachment":[{"href":"https:\/\/www.camping-lesbergesdudoux.com\/index.php?rest_route=%2Fwp%2Fv2%2Fmedia&parent=114"}],"curies":[{"name":"wp","href":"https:\/\/api.w.org\/{rel}","templated":true}]}}